{"id":2587,"date":"2022-05-26T10:35:00","date_gmt":"2022-05-26T10:35:00","guid":{"rendered":"https:\/\/moraissoaresarquitectos.pt\/?post_type=projecto&#038;p=2587"},"modified":"2022-11-30T10:12:52","modified_gmt":"2022-11-30T10:12:52","slug":"mescla","status":"publish","type":"projecto","link":"https:\/\/moraissoaresarquitectos.pt\/pt-pt\/projectos\/mescla\/","title":{"rendered":"Mescla"},"content":{"rendered":"<p>&nbsp;<\/p>\n<p>O uso do estabelecimento para com\u00e9rcio e servi\u00e7os de restaura\u00e7\u00e3o ser\u00e1 mantido e melhorado dando a todo o seu espa\u00e7o a possibilidade de cria\u00e7\u00e3o de espa\u00e7os de refei\u00e7\u00f5es com a nobreza que a sua localiza\u00e7\u00e3o exige.<\/p>\n<p>A fachada ser\u00e1 preservada na \u00edntegra em pedra de granito e reboco, com a guarda em ferro forjado pintado.<br \/>\nAs carpintarias da fachada ser\u00e3o integralmente preservadas e recuperadas, assim como todos os elementos estruturais de madeira existente no estabelecimento; as venezianas j\u00e1 existentes ser\u00e3o implementa\u00e7\u00e3o pelo interior de equipamentos de avac\/ac.<\/p>\n<p>Quanto \u00e0 estrutura do vigamento do 1\u00baandar, ir-se-\u00e1 trabalhar com os elementos existentes, preservando as vigas originais sempre que poss\u00edvel. Algumas vigas ser\u00e3o refor\u00e7adas, ou substitu\u00eddas, visto estarem danificadas, tornando assim este espa\u00e7o mais ambivalente \u00e0 sua fun\u00e7\u00e3o, nomeadamente na vertente de restaura\u00e7\u00e3o.<\/p>\n<p>As extrac\u00e7\u00f5es dos fumos ser\u00e3o integralmente tratadas com tecnologia de carv\u00e3o antes de serem expulsas pela veneziana de madeira existentes sobre os v\u00e3os do 1\u00baandar. Todas as restantes climatiza\u00e7\u00f5es e ventila\u00e7\u00f5es utilizaram estas venezianas de forma a n\u00e3o existir qualquer interven\u00e7\u00e3o de chamin\u00e9s nos pisos superiores, ou altera\u00e7\u00f5es \u00e0 fachada.<\/p>\n<p>Todos os tectos que apresentem vigamento em madeira (r\u00e9s-do-ch\u00e3o e 1\u00bapiso), ser\u00e3o preservados e recuperados.<br \/>\nAs paredes interiores ser\u00e3o em gesso cartonado cruzado duplo, intercaladas com l\u00e1 de rocha de 70kg, de forma a garantir um bom isolamento ac\u00fastico dos compartimentos de casa de banho.<br \/>\nA escada interior de acesso ao 1\u00baandar ser\u00e1 remodelada, n\u00e3o interferindo com a estrutura existente no estabelecimento.<br \/>\nAs redes el\u00e9tricas, de abastecimento de g\u00e1s e \u00e1guas e pluviais ser\u00e3o objecto das especialidades cumprindo de acordo com os mais recentes regulamentos. As redes de saneamento ser\u00e3o mantidas.<\/p>\n","protected":false},"excerpt":{"rendered":"<p>&nbsp; O uso do estabelecimento para com\u00e9rcio e servi\u00e7os de restaura\u00e7\u00e3o ser\u00e1 mantido e melhorado dando a todo o seu espa\u00e7o a possibilidade de cria\u00e7\u00e3o de espa\u00e7os de refei\u00e7\u00f5es com a nobreza que a sua localiza\u00e7\u00e3o exige. A fachada ser\u00e1 preservada na \u00edntegra em pedra de granito e reboco, com a guarda em ferro forjado [&hellip;]<\/p>\n<p class=\"read-more\"><a class=\"button\" href=\"https:\/\/moraissoaresarquitectos.pt\/pt-pt\/projectos\/mescla\/\">Read More<\/a><\/p>\n","protected":false},"featured_media":4475,"template":"","tipo_de_projecto":[206],"class_list":["post-2587","projecto","type-projecto","status-publish","has-post-thumbnail","hentry","tipo_de_projecto-hotels-restaurants"],"yoast_head":"<!-- This site is optimized with the Yoast SEO plugin v26.3 - https:\/\/yoast.com\/wordpress\/plugins\/seo\/ -->\n<title>Mescla - Morais<\/title>\n<meta name=\"robots\" content=\"index, follow, max-snippet:-1, max-image-preview:large, max-video-preview:-1\" \/>\n<link rel=\"canonical\" href=\"https:\/\/moraissoaresarquitectos.pt\/pt-pt\/projectos\/mescla\/\" \/>\n<meta property=\"og:locale\" content=\"pt_PT\" \/>\n<meta property=\"og:type\" content=\"article\" \/>\n<meta property=\"og:title\" content=\"Mescla - Morais\" \/>\n<meta property=\"og:description\" content=\"&nbsp; O uso do estabelecimento para com\u00e9rcio e servi\u00e7os de restaura\u00e7\u00e3o ser\u00e1 mantido e melhorado dando a todo o seu espa\u00e7o a possibilidade de cria\u00e7\u00e3o de espa\u00e7os de refei\u00e7\u00f5es com a nobreza que a sua localiza\u00e7\u00e3o exige. A fachada ser\u00e1 preservada na \u00edntegra em pedra de granito e reboco, com a guarda em ferro forjado [&hellip;]Read More\" \/>\n<meta property=\"og:url\" content=\"https:\/\/moraissoaresarquitectos.pt\/pt-pt\/projectos\/mescla\/\" \/>\n<meta property=\"og:site_name\" content=\"Morais\" \/>\n<meta property=\"article:modified_time\" content=\"2022-11-30T10:12:52+00:00\" \/>\n<meta property=\"og:image\" content=\"https:\/\/moraissoaresarquitectos.pt\/wp-content\/uploads\/2022\/05\/Mescla-3-1-scaled-2.jpg\" \/>\n\t<meta property=\"og:image:width\" content=\"1821\" \/>\n\t<meta property=\"og:image:height\" content=\"2560\" \/>\n\t<meta property=\"og:image:type\" content=\"image\/jpeg\" \/>\n<meta name=\"twitter:card\" content=\"summary_large_image\" \/>\n<meta name=\"twitter:label1\" content=\"Tempo estimado de leitura\" \/>\n\t<meta name=\"twitter:data1\" content=\"2 minutos\" \/>\n<script type=\"application\/ld+json\" class=\"yoast-schema-graph\">{\"@context\":\"https:\/\/schema.org\",\"@graph\":[{\"@type\":\"WebPage\",\"@id\":\"https:\/\/moraissoaresarquitectos.pt\/pt-pt\/projectos\/mescla\/\",\"url\":\"https:\/\/moraissoaresarquitectos.pt\/pt-pt\/projectos\/mescla\/\",\"name\":\"Mescla - Morais\",\"isPartOf\":{\"@id\":\"https:\/\/moraissoaresarquitectos.pt\/#website\"},\"primaryImageOfPage\":{\"@id\":\"https:\/\/moraissoaresarquitectos.pt\/pt-pt\/projectos\/mescla\/#primaryimage\"},\"image\":{\"@id\":\"https:\/\/moraissoaresarquitectos.pt\/pt-pt\/projectos\/mescla\/#primaryimage\"},\"thumbnailUrl\":\"https:\/\/moraissoaresarquitectos.pt\/wp-content\/uploads\/2022\/05\/Mescla-3-1-scaled-2.jpg\",\"datePublished\":\"2022-05-26T10:35:00+00:00\",\"dateModified\":\"2022-11-30T10:12:52+00:00\",\"breadcrumb\":{\"@id\":\"https:\/\/moraissoaresarquitectos.pt\/pt-pt\/projectos\/mescla\/#breadcrumb\"},\"inLanguage\":\"pt-PT\",\"potentialAction\":[{\"@type\":\"ReadAction\",\"target\":[\"https:\/\/moraissoaresarquitectos.pt\/pt-pt\/projectos\/mescla\/\"]}]},{\"@type\":\"ImageObject\",\"inLanguage\":\"pt-PT\",\"@id\":\"https:\/\/moraissoaresarquitectos.pt\/pt-pt\/projectos\/mescla\/#primaryimage\",\"url\":\"https:\/\/moraissoaresarquitectos.pt\/wp-content\/uploads\/2022\/05\/Mescla-3-1-scaled-2.jpg\",\"contentUrl\":\"https:\/\/moraissoaresarquitectos.pt\/wp-content\/uploads\/2022\/05\/Mescla-3-1-scaled-2.jpg\",\"width\":1821,\"height\":2560},{\"@type\":\"BreadcrumbList\",\"@id\":\"https:\/\/moraissoaresarquitectos.pt\/pt-pt\/projectos\/mescla\/#breadcrumb\",\"itemListElement\":[{\"@type\":\"ListItem\",\"position\":1,\"name\":\"Home\",\"item\":\"https:\/\/moraissoaresarquitectos.pt\/pt-pt\/\"},{\"@type\":\"ListItem\",\"position\":2,\"name\":\"Projectos\",\"item\":\"https:\/\/moraissoaresarquitectos.pt\/projectos\/\"},{\"@type\":\"ListItem\",\"position\":3,\"name\":\"Mescla\"}]},{\"@type\":\"WebSite\",\"@id\":\"https:\/\/moraissoaresarquitectos.pt\/#website\",\"url\":\"https:\/\/moraissoaresarquitectos.pt\/\",\"name\":\"Morais\",\"description\":\"Morais Soares Arquitectos\",\"publisher\":{\"@id\":\"https:\/\/moraissoaresarquitectos.pt\/#organization\"},\"potentialAction\":[{\"@type\":\"SearchAction\",\"target\":{\"@type\":\"EntryPoint\",\"urlTemplate\":\"https:\/\/moraissoaresarquitectos.pt\/?s={search_term_string}\"},\"query-input\":{\"@type\":\"PropertyValueSpecification\",\"valueRequired\":true,\"valueName\":\"search_term_string\"}}],\"inLanguage\":\"pt-PT\"},{\"@type\":\"Organization\",\"@id\":\"https:\/\/moraissoaresarquitectos.pt\/#organization\",\"name\":\"Morais Soares Arquitectos\",\"url\":\"https:\/\/moraissoaresarquitectos.pt\/\",\"logo\":{\"@type\":\"ImageObject\",\"inLanguage\":\"pt-PT\",\"@id\":\"https:\/\/moraissoaresarquitectos.pt\/#\/schema\/logo\/image\/\",\"url\":\"https:\/\/moraissoaresarquitectos.pt\/wp-content\/uploads\/2022\/06\/cropped-logo-selecionado-2022-05-02-copiar.png\",\"contentUrl\":\"https:\/\/moraissoaresarquitectos.pt\/wp-content\/uploads\/2022\/06\/cropped-logo-selecionado-2022-05-02-copiar.png\",\"width\":500,\"height\":328,\"caption\":\"Morais Soares Arquitectos\"},\"image\":{\"@id\":\"https:\/\/moraissoaresarquitectos.pt\/#\/schema\/logo\/image\/\"}}]}<\/script>\n<!-- \/ Yoast SEO plugin. -->","yoast_head_json":{"title":"Mescla - Morais","robots":{"index":"index","follow":"follow","max-snippet":"max-snippet:-1","max-image-preview":"max-image-preview:large","max-video-preview":"max-video-preview:-1"},"canonical":"https:\/\/moraissoaresarquitectos.pt\/pt-pt\/projectos\/mescla\/","og_locale":"pt_PT","og_type":"article","og_title":"Mescla - Morais","og_description":"&nbsp; O uso do estabelecimento para com\u00e9rcio e servi\u00e7os de restaura\u00e7\u00e3o ser\u00e1 mantido e melhorado dando a todo o seu espa\u00e7o a possibilidade de cria\u00e7\u00e3o de espa\u00e7os de refei\u00e7\u00f5es com a nobreza que a sua localiza\u00e7\u00e3o exige. A fachada ser\u00e1 preservada na \u00edntegra em pedra de granito e reboco, com a guarda em ferro forjado [&hellip;]Read More","og_url":"https:\/\/moraissoaresarquitectos.pt\/pt-pt\/projectos\/mescla\/","og_site_name":"Morais","article_modified_time":"2022-11-30T10:12:52+00:00","og_image":[{"width":1821,"height":2560,"url":"https:\/\/moraissoaresarquitectos.pt\/wp-content\/uploads\/2022\/05\/Mescla-3-1-scaled-2.jpg","type":"image\/jpeg"}],"twitter_card":"summary_large_image","twitter_misc":{"Tempo estimado de leitura":"2 minutos"},"schema":{"@context":"https:\/\/schema.org","@graph":[{"@type":"WebPage","@id":"https:\/\/moraissoaresarquitectos.pt\/pt-pt\/projectos\/mescla\/","url":"https:\/\/moraissoaresarquitectos.pt\/pt-pt\/projectos\/mescla\/","name":"Mescla - Morais","isPartOf":{"@id":"https:\/\/moraissoaresarquitectos.pt\/#website"},"primaryImageOfPage":{"@id":"https:\/\/moraissoaresarquitectos.pt\/pt-pt\/projectos\/mescla\/#primaryimage"},"image":{"@id":"https:\/\/moraissoaresarquitectos.pt\/pt-pt\/projectos\/mescla\/#primaryimage"},"thumbnailUrl":"https:\/\/moraissoaresarquitectos.pt\/wp-content\/uploads\/2022\/05\/Mescla-3-1-scaled-2.jpg","datePublished":"2022-05-26T10:35:00+00:00","dateModified":"2022-11-30T10:12:52+00:00","breadcrumb":{"@id":"https:\/\/moraissoaresarquitectos.pt\/pt-pt\/projectos\/mescla\/#breadcrumb"},"inLanguage":"pt-PT","potentialAction":[{"@type":"ReadAction","target":["https:\/\/moraissoaresarquitectos.pt\/pt-pt\/projectos\/mescla\/"]}]},{"@type":"ImageObject","inLanguage":"pt-PT","@id":"https:\/\/moraissoaresarquitectos.pt\/pt-pt\/projectos\/mescla\/#primaryimage","url":"https:\/\/moraissoaresarquitectos.pt\/wp-content\/uploads\/2022\/05\/Mescla-3-1-scaled-2.jpg","contentUrl":"https:\/\/moraissoaresarquitectos.pt\/wp-content\/uploads\/2022\/05\/Mescla-3-1-scaled-2.jpg","width":1821,"height":2560},{"@type":"BreadcrumbList","@id":"https:\/\/moraissoaresarquitectos.pt\/pt-pt\/projectos\/mescla\/#breadcrumb","itemListElement":[{"@type":"ListItem","position":1,"name":"Home","item":"https:\/\/moraissoaresarquitectos.pt\/pt-pt\/"},{"@type":"ListItem","position":2,"name":"Projectos","item":"https:\/\/moraissoaresarquitectos.pt\/projectos\/"},{"@type":"ListItem","position":3,"name":"Mescla"}]},{"@type":"WebSite","@id":"https:\/\/moraissoaresarquitectos.pt\/#website","url":"https:\/\/moraissoaresarquitectos.pt\/","name":"Morais","description":"Morais Soares Arquitectos","publisher":{"@id":"https:\/\/moraissoaresarquitectos.pt\/#organization"},"potentialAction":[{"@type":"SearchAction","target":{"@type":"EntryPoint","urlTemplate":"https:\/\/moraissoaresarquitectos.pt\/?s={search_term_string}"},"query-input":{"@type":"PropertyValueSpecification","valueRequired":true,"valueName":"search_term_string"}}],"inLanguage":"pt-PT"},{"@type":"Organization","@id":"https:\/\/moraissoaresarquitectos.pt\/#organization","name":"Morais Soares Arquitectos","url":"https:\/\/moraissoaresarquitectos.pt\/","logo":{"@type":"ImageObject","inLanguage":"pt-PT","@id":"https:\/\/moraissoaresarquitectos.pt\/#\/schema\/logo\/image\/","url":"https:\/\/moraissoaresarquitectos.pt\/wp-content\/uploads\/2022\/06\/cropped-logo-selecionado-2022-05-02-copiar.png","contentUrl":"https:\/\/moraissoaresarquitectos.pt\/wp-content\/uploads\/2022\/06\/cropped-logo-selecionado-2022-05-02-copiar.png","width":500,"height":328,"caption":"Morais Soares Arquitectos"},"image":{"@id":"https:\/\/moraissoaresarquitectos.pt\/#\/schema\/logo\/image\/"}}]}},"_links":{"self":[{"href":"https:\/\/moraissoaresarquitectos.pt\/pt-pt\/wp-json\/wp\/v2\/projecto\/2587","targetHints":{"allow":["GET"]}}],"collection":[{"href":"https:\/\/moraissoaresarquitectos.pt\/pt-pt\/wp-json\/wp\/v2\/projecto"}],"about":[{"href":"https:\/\/moraissoaresarquitectos.pt\/pt-pt\/wp-json\/wp\/v2\/types\/projecto"}],"version-history":[{"count":2,"href":"https:\/\/moraissoaresarquitectos.pt\/pt-pt\/wp-json\/wp\/v2\/projecto\/2587\/revisions"}],"predecessor-version":[{"id":4041,"href":"https:\/\/moraissoaresarquitectos.pt\/pt-pt\/wp-json\/wp\/v2\/projecto\/2587\/revisions\/4041"}],"wp:featuredmedia":[{"embeddable":true,"href":"https:\/\/moraissoaresarquitectos.pt\/pt-pt\/wp-json\/wp\/v2\/media\/4475"}],"wp:attachment":[{"href":"https:\/\/moraissoaresarquitectos.pt\/pt-pt\/wp-json\/wp\/v2\/media?parent=2587"}],"wp:term":[{"taxonomy":"tipo_de_projecto","embeddable":true,"href":"https:\/\/moraissoaresarquitectos.pt\/pt-pt\/wp-json\/wp\/v2\/tipo_de_projecto?post=2587"}],"curies":[{"name":"wp","href":"https:\/\/api.w.org\/{rel}","templated":true}]}}