{"id":2466,"date":"2022-05-25T16:23:59","date_gmt":"2022-05-25T16:23:59","guid":{"rendered":"https:\/\/moraissoaresarquitectos.pt\/?post_type=projecto&#038;p=2466"},"modified":"2022-10-27T13:48:43","modified_gmt":"2022-10-27T13:48:43","slug":"torre-da-medronheira","status":"publish","type":"projecto","link":"https:\/\/moraissoaresarquitectos.pt\/pt-pt\/projectos\/torre-da-medronheira\/","title":{"rendered":"Torre da Medronheira"},"content":{"rendered":"<p>Moradia inserida em loteamento dos anos 60\/70, localizado sobre fal\u00e9sia, pr\u00f3ximo a Olhos d\u2019\u00c1gua.<\/p>\n<p>O projecto foi concebido para que os diversos espa\u00e7os sociais (sala, cozinha, varanda) usufru\u00edssem da vista de mar.<br \/>\nSem qualquer aumento construtivo, a mudan\u00e7a de localiza\u00e7\u00e3o de uma escada e a anula\u00e7\u00e3o de corredores permitiu aumentar o n\u00famero de quartos bem como crescer \u00e0s \u00e1reas de sala e de cozinha.<\/p>\n<p>O alteamento da parte do Logradouro, \u201calargou\u201d a sua \u00e1rea e permitiu ainda a constru\u00e7\u00e3o de uma piscina.<\/p>\n","protected":false},"excerpt":{"rendered":"<p>Moradia inserida em loteamento dos anos 60\/70, localizado sobre fal\u00e9sia, pr\u00f3ximo a Olhos d\u2019\u00c1gua. O projecto foi concebido para que os diversos espa\u00e7os sociais (sala, cozinha, varanda) usufru\u00edssem da vista de mar. Sem qualquer aumento construtivo, a mudan\u00e7a de localiza\u00e7\u00e3o de uma escada e a anula\u00e7\u00e3o de corredores permitiu aumentar o n\u00famero de quartos bem [&hellip;]<\/p>\n<p class=\"read-more\"><a class=\"button\" href=\"https:\/\/moraissoaresarquitectos.pt\/pt-pt\/projectos\/torre-da-medronheira\/\">Read More<\/a><\/p>\n","protected":false},"featured_media":4647,"template":"","tipo_de_projecto":[208],"class_list":["post-2466","projecto","type-projecto","status-publish","has-post-thumbnail","hentry","tipo_de_projecto-housing"],"yoast_head":"<!-- This site is optimized with the Yoast SEO plugin v26.3 - https:\/\/yoast.com\/wordpress\/plugins\/seo\/ -->\n<title>Torre da Medronheira - Morais<\/title>\n<meta name=\"robots\" content=\"index, follow, max-snippet:-1, max-image-preview:large, max-video-preview:-1\" \/>\n<link rel=\"canonical\" href=\"https:\/\/moraissoaresarquitectos.pt\/pt-pt\/projectos\/torre-da-medronheira\/\" \/>\n<meta property=\"og:locale\" content=\"pt_PT\" \/>\n<meta property=\"og:type\" content=\"article\" \/>\n<meta property=\"og:title\" content=\"Torre da Medronheira - Morais\" \/>\n<meta property=\"og:description\" content=\"Moradia inserida em loteamento dos anos 60\/70, localizado sobre fal\u00e9sia, pr\u00f3ximo a Olhos d\u2019\u00c1gua. O projecto foi concebido para que os diversos espa\u00e7os sociais (sala, cozinha, varanda) usufru\u00edssem da vista de mar. Sem qualquer aumento construtivo, a mudan\u00e7a de localiza\u00e7\u00e3o de uma escada e a anula\u00e7\u00e3o de corredores permitiu aumentar o n\u00famero de quartos bem [&hellip;]Read More\" \/>\n<meta property=\"og:url\" content=\"https:\/\/moraissoaresarquitectos.pt\/pt-pt\/projectos\/torre-da-medronheira\/\" \/>\n<meta property=\"og:site_name\" content=\"Morais\" \/>\n<meta property=\"article:modified_time\" content=\"2022-10-27T13:48:43+00:00\" \/>\n<meta property=\"og:image\" content=\"https:\/\/moraissoaresarquitectos.pt\/wp-content\/uploads\/2022\/05\/download-1-30.jpg\" \/>\n\t<meta property=\"og:image:width\" content=\"1850\" \/>\n\t<meta property=\"og:image:height\" content=\"2560\" \/>\n\t<meta property=\"og:image:type\" content=\"image\/jpeg\" \/>\n<meta name=\"twitter:card\" content=\"summary_large_image\" \/>\n<meta name=\"twitter:label1\" content=\"Tempo estimado de leitura\" \/>\n\t<meta name=\"twitter:data1\" content=\"1 minuto\" \/>\n<script type=\"application\/ld+json\" class=\"yoast-schema-graph\">{\"@context\":\"https:\/\/schema.org\",\"@graph\":[{\"@type\":\"WebPage\",\"@id\":\"https:\/\/moraissoaresarquitectos.pt\/pt-pt\/projectos\/torre-da-medronheira\/\",\"url\":\"https:\/\/moraissoaresarquitectos.pt\/pt-pt\/projectos\/torre-da-medronheira\/\",\"name\":\"Torre da Medronheira - Morais\",\"isPartOf\":{\"@id\":\"https:\/\/moraissoaresarquitectos.pt\/#website\"},\"primaryImageOfPage\":{\"@id\":\"https:\/\/moraissoaresarquitectos.pt\/pt-pt\/projectos\/torre-da-medronheira\/#primaryimage\"},\"image\":{\"@id\":\"https:\/\/moraissoaresarquitectos.pt\/pt-pt\/projectos\/torre-da-medronheira\/#primaryimage\"},\"thumbnailUrl\":\"https:\/\/moraissoaresarquitectos.pt\/wp-content\/uploads\/2022\/05\/download-1-30.jpg\",\"datePublished\":\"2022-05-25T16:23:59+00:00\",\"dateModified\":\"2022-10-27T13:48:43+00:00\",\"breadcrumb\":{\"@id\":\"https:\/\/moraissoaresarquitectos.pt\/pt-pt\/projectos\/torre-da-medronheira\/#breadcrumb\"},\"inLanguage\":\"pt-PT\",\"potentialAction\":[{\"@type\":\"ReadAction\",\"target\":[\"https:\/\/moraissoaresarquitectos.pt\/pt-pt\/projectos\/torre-da-medronheira\/\"]}]},{\"@type\":\"ImageObject\",\"inLanguage\":\"pt-PT\",\"@id\":\"https:\/\/moraissoaresarquitectos.pt\/pt-pt\/projectos\/torre-da-medronheira\/#primaryimage\",\"url\":\"https:\/\/moraissoaresarquitectos.pt\/wp-content\/uploads\/2022\/05\/download-1-30.jpg\",\"contentUrl\":\"https:\/\/moraissoaresarquitectos.pt\/wp-content\/uploads\/2022\/05\/download-1-30.jpg\",\"width\":1850,\"height\":2560},{\"@type\":\"BreadcrumbList\",\"@id\":\"https:\/\/moraissoaresarquitectos.pt\/pt-pt\/projectos\/torre-da-medronheira\/#breadcrumb\",\"itemListElement\":[{\"@type\":\"ListItem\",\"position\":1,\"name\":\"Home\",\"item\":\"https:\/\/moraissoaresarquitectos.pt\/pt-pt\/\"},{\"@type\":\"ListItem\",\"position\":2,\"name\":\"Projectos\",\"item\":\"https:\/\/moraissoaresarquitectos.pt\/projectos\/\"},{\"@type\":\"ListItem\",\"position\":3,\"name\":\"Torre da Medronheira\"}]},{\"@type\":\"WebSite\",\"@id\":\"https:\/\/moraissoaresarquitectos.pt\/#website\",\"url\":\"https:\/\/moraissoaresarquitectos.pt\/\",\"name\":\"Morais\",\"description\":\"Morais Soares Arquitectos\",\"publisher\":{\"@id\":\"https:\/\/moraissoaresarquitectos.pt\/#organization\"},\"potentialAction\":[{\"@type\":\"SearchAction\",\"target\":{\"@type\":\"EntryPoint\",\"urlTemplate\":\"https:\/\/moraissoaresarquitectos.pt\/?s={search_term_string}\"},\"query-input\":{\"@type\":\"PropertyValueSpecification\",\"valueRequired\":true,\"valueName\":\"search_term_string\"}}],\"inLanguage\":\"pt-PT\"},{\"@type\":\"Organization\",\"@id\":\"https:\/\/moraissoaresarquitectos.pt\/#organization\",\"name\":\"Morais Soares Arquitectos\",\"url\":\"https:\/\/moraissoaresarquitectos.pt\/\",\"logo\":{\"@type\":\"ImageObject\",\"inLanguage\":\"pt-PT\",\"@id\":\"https:\/\/moraissoaresarquitectos.pt\/#\/schema\/logo\/image\/\",\"url\":\"https:\/\/moraissoaresarquitectos.pt\/wp-content\/uploads\/2022\/06\/cropped-logo-selecionado-2022-05-02-copiar.png\",\"contentUrl\":\"https:\/\/moraissoaresarquitectos.pt\/wp-content\/uploads\/2022\/06\/cropped-logo-selecionado-2022-05-02-copiar.png\",\"width\":500,\"height\":328,\"caption\":\"Morais Soares Arquitectos\"},\"image\":{\"@id\":\"https:\/\/moraissoaresarquitectos.pt\/#\/schema\/logo\/image\/\"}}]}<\/script>\n<!-- \/ Yoast SEO plugin. -->","yoast_head_json":{"title":"Torre da Medronheira - Morais","robots":{"index":"index","follow":"follow","max-snippet":"max-snippet:-1","max-image-preview":"max-image-preview:large","max-video-preview":"max-video-preview:-1"},"canonical":"https:\/\/moraissoaresarquitectos.pt\/pt-pt\/projectos\/torre-da-medronheira\/","og_locale":"pt_PT","og_type":"article","og_title":"Torre da Medronheira - Morais","og_description":"Moradia inserida em loteamento dos anos 60\/70, localizado sobre fal\u00e9sia, pr\u00f3ximo a Olhos d\u2019\u00c1gua. O projecto foi concebido para que os diversos espa\u00e7os sociais (sala, cozinha, varanda) usufru\u00edssem da vista de mar. Sem qualquer aumento construtivo, a mudan\u00e7a de localiza\u00e7\u00e3o de uma escada e a anula\u00e7\u00e3o de corredores permitiu aumentar o n\u00famero de quartos bem [&hellip;]Read More","og_url":"https:\/\/moraissoaresarquitectos.pt\/pt-pt\/projectos\/torre-da-medronheira\/","og_site_name":"Morais","article_modified_time":"2022-10-27T13:48:43+00:00","og_image":[{"width":1850,"height":2560,"url":"https:\/\/moraissoaresarquitectos.pt\/wp-content\/uploads\/2022\/05\/download-1-30.jpg","type":"image\/jpeg"}],"twitter_card":"summary_large_image","twitter_misc":{"Tempo estimado de leitura":"1 minuto"},"schema":{"@context":"https:\/\/schema.org","@graph":[{"@type":"WebPage","@id":"https:\/\/moraissoaresarquitectos.pt\/pt-pt\/projectos\/torre-da-medronheira\/","url":"https:\/\/moraissoaresarquitectos.pt\/pt-pt\/projectos\/torre-da-medronheira\/","name":"Torre da Medronheira - Morais","isPartOf":{"@id":"https:\/\/moraissoaresarquitectos.pt\/#website"},"primaryImageOfPage":{"@id":"https:\/\/moraissoaresarquitectos.pt\/pt-pt\/projectos\/torre-da-medronheira\/#primaryimage"},"image":{"@id":"https:\/\/moraissoaresarquitectos.pt\/pt-pt\/projectos\/torre-da-medronheira\/#primaryimage"},"thumbnailUrl":"https:\/\/moraissoaresarquitectos.pt\/wp-content\/uploads\/2022\/05\/download-1-30.jpg","datePublished":"2022-05-25T16:23:59+00:00","dateModified":"2022-10-27T13:48:43+00:00","breadcrumb":{"@id":"https:\/\/moraissoaresarquitectos.pt\/pt-pt\/projectos\/torre-da-medronheira\/#breadcrumb"},"inLanguage":"pt-PT","potentialAction":[{"@type":"ReadAction","target":["https:\/\/moraissoaresarquitectos.pt\/pt-pt\/projectos\/torre-da-medronheira\/"]}]},{"@type":"ImageObject","inLanguage":"pt-PT","@id":"https:\/\/moraissoaresarquitectos.pt\/pt-pt\/projectos\/torre-da-medronheira\/#primaryimage","url":"https:\/\/moraissoaresarquitectos.pt\/wp-content\/uploads\/2022\/05\/download-1-30.jpg","contentUrl":"https:\/\/moraissoaresarquitectos.pt\/wp-content\/uploads\/2022\/05\/download-1-30.jpg","width":1850,"height":2560},{"@type":"BreadcrumbList","@id":"https:\/\/moraissoaresarquitectos.pt\/pt-pt\/projectos\/torre-da-medronheira\/#breadcrumb","itemListElement":[{"@type":"ListItem","position":1,"name":"Home","item":"https:\/\/moraissoaresarquitectos.pt\/pt-pt\/"},{"@type":"ListItem","position":2,"name":"Projectos","item":"https:\/\/moraissoaresarquitectos.pt\/projectos\/"},{"@type":"ListItem","position":3,"name":"Torre da Medronheira"}]},{"@type":"WebSite","@id":"https:\/\/moraissoaresarquitectos.pt\/#website","url":"https:\/\/moraissoaresarquitectos.pt\/","name":"Morais","description":"Morais Soares Arquitectos","publisher":{"@id":"https:\/\/moraissoaresarquitectos.pt\/#organization"},"potentialAction":[{"@type":"SearchAction","target":{"@type":"EntryPoint","urlTemplate":"https:\/\/moraissoaresarquitectos.pt\/?s={search_term_string}"},"query-input":{"@type":"PropertyValueSpecification","valueRequired":true,"valueName":"search_term_string"}}],"inLanguage":"pt-PT"},{"@type":"Organization","@id":"https:\/\/moraissoaresarquitectos.pt\/#organization","name":"Morais Soares Arquitectos","url":"https:\/\/moraissoaresarquitectos.pt\/","logo":{"@type":"ImageObject","inLanguage":"pt-PT","@id":"https:\/\/moraissoaresarquitectos.pt\/#\/schema\/logo\/image\/","url":"https:\/\/moraissoaresarquitectos.pt\/wp-content\/uploads\/2022\/06\/cropped-logo-selecionado-2022-05-02-copiar.png","contentUrl":"https:\/\/moraissoaresarquitectos.pt\/wp-content\/uploads\/2022\/06\/cropped-logo-selecionado-2022-05-02-copiar.png","width":500,"height":328,"caption":"Morais Soares Arquitectos"},"image":{"@id":"https:\/\/moraissoaresarquitectos.pt\/#\/schema\/logo\/image\/"}}]}},"_links":{"self":[{"href":"https:\/\/moraissoaresarquitectos.pt\/pt-pt\/wp-json\/wp\/v2\/projecto\/2466","targetHints":{"allow":["GET"]}}],"collection":[{"href":"https:\/\/moraissoaresarquitectos.pt\/pt-pt\/wp-json\/wp\/v2\/projecto"}],"about":[{"href":"https:\/\/moraissoaresarquitectos.pt\/pt-pt\/wp-json\/wp\/v2\/types\/projecto"}],"version-history":[{"count":1,"href":"https:\/\/moraissoaresarquitectos.pt\/pt-pt\/wp-json\/wp\/v2\/projecto\/2466\/revisions"}],"predecessor-version":[{"id":3972,"href":"https:\/\/moraissoaresarquitectos.pt\/pt-pt\/wp-json\/wp\/v2\/projecto\/2466\/revisions\/3972"}],"wp:featuredmedia":[{"embeddable":true,"href":"https:\/\/moraissoaresarquitectos.pt\/pt-pt\/wp-json\/wp\/v2\/media\/4647"}],"wp:attachment":[{"href":"https:\/\/moraissoaresarquitectos.pt\/pt-pt\/wp-json\/wp\/v2\/media?parent=2466"}],"wp:term":[{"taxonomy":"tipo_de_projecto","embeddable":true,"href":"https:\/\/moraissoaresarquitectos.pt\/pt-pt\/wp-json\/wp\/v2\/tipo_de_projecto?post=2466"}],"curies":[{"name":"wp","href":"https:\/\/api.w.org\/{rel}","templated":true}]}}