{"id":2449,"date":"2022-05-25T16:21:10","date_gmt":"2022-05-25T16:21:10","guid":{"rendered":"https:\/\/moraissoaresarquitectos.pt\/?post_type=projecto&#038;p=2449"},"modified":"2022-07-21T11:04:06","modified_gmt":"2022-07-21T11:04:06","slug":"mouzinho-da-silveira","status":"publish","type":"projecto","link":"https:\/\/moraissoaresarquitectos.pt\/pt-pt\/projectos\/mouzinho-da-silveira\/","title":{"rendered":"Mouzinho da Silveira"},"content":{"rendered":"<p>De acordo com o P.D.M., o pr\u00e9dio encontra-se localizado em \u201c\u00c1rea Hist\u00f3rica\u201d. O edif\u00edcio ocupa a integridade do lote e confina na sua parte tardoz com a Rua da Bainharia, 37, 39 e 41.<\/p>\n<p>O pr\u00e9dio apresenta uma configura\u00e7\u00e3o t\u00edpica do Porto com muita profundidade e pouca frente, com fachadas frontais reduzidas, abrindo nestas a maior \u00e1rea de v\u00e3os dando pouco espa\u00e7o a parede, restando quase somente \u201cpilastra\u201d. J\u00e1 as empenas laterais s\u00e3o em perpianho de 28cm, sem aberturas. A cobertura apresenta como um telhado de duas \u00e1guas com a linha de cumeeira paralela \u00e1s fachada e a implanta\u00e7\u00e3o de alguns lanternins.<\/p>\n<p>O pr\u00e9dio est\u00e1 orientado a poente pela Rua Mouzinho da Silveira e a nascente pela Rua da Bainharia e \u00e9 constitu\u00eddo por cave, r\u00e9s\/ch\u00e3o, quatro pisos e mais um mezanino no v\u00e3o do telhado.<\/p>\n<p>Todo pr\u00e9dio encontra-se em bom estado de conserva\u00e7\u00e3o, tendo sido a ultima interven\u00e7\u00e3o projectada em estrutura de bet\u00e3o armado at\u00e9 na laje de cobertura executada pela Cooperativa dos Pedreiros, antigo propriet\u00e1rio, obtendo a sua habitabilidade apenas em 2008. N\u00e3o apresenta pontos de entrada humidade, nem ao n\u00edvel do telhado, nem ao n\u00edvel da cobertura.<\/p>\n<p>O edif\u00edcio necessita de interven\u00e7\u00f5es pontuais e de adapta\u00e7\u00e3o de algumas infraestruturas, como \u00e1guas e saneamentos, rede de preven\u00e7\u00e3o contra inc\u00eandios e combate a inc\u00eandios, etc&#8230; Os pisos apresentam condi\u00e7\u00f5es de habitabilidade, com alguma degrada\u00e7\u00e3o dos estuques e caixilharia em geral, que facilmente ser\u00e1 corrigida.<\/p>\n<p>&nbsp;<\/p>\n<p>A pretens\u00e3o enquadra-se praticamente no formato de comunica\u00e7\u00e3o de in\u00edcio dos trabalhos, sem altera\u00e7\u00e3o da estrutura, da sua estabilidade, c\u00e9rcea ou forma da fachada e telhados, bem como a n\u00e3o altera\u00e7\u00e3o dos materiais e elementos de fachada, repondo os elementos originais. A caixilharia ser\u00e1 reposta em madeira esmaltada, ao n\u00edvel do R\u00e9s\/ch\u00e3o onde apresenta portas de alum\u00ednio.<\/p>\n<p>O licenciamento adv\u00e9m da altera\u00e7\u00e3o do uso, da instala\u00e7\u00e3o de compartimentos de cozinhas e devido sistema de desenfumagem, nova compartimenta\u00e7\u00e3o interior para cria\u00e7\u00e3o de sanit\u00e1rios, balne\u00e1rios, etc\u2026 (licenciamento requerido dado encontrar-se em \u00c0REAS HIST\u00d3RICAS), que permitam um melhor funcionamento das actividades que agora se pretendem implementar.<\/p>\n<p>Elaborou-se um programa de funcionalidade e adequabilidade do espa\u00e7o, tirando o m\u00e1ximo proveito dos elementos estruturais e dos acessos verticais, elevador e naturalmente as escadas existentes, que articulam os acessos e definem esse programa, para que se possa propor uma utiliza\u00e7\u00e3o segura e legal de todos os espa\u00e7os.<\/p>\n<p>&nbsp;<\/p>\n<p>O Edif\u00edcio da Rua do Mouzinho da Silveira, manter\u00e1 a sua entrada de acesso aos apartamentos a poente pelo n\u00famero 164, e o acesso ao com\u00e9rcio pelos n\u00fameros mais a Sul, n.\u00ba 162 e n.\u00ba 160.<\/p>\n<p>Junto da caixa de escadas e elevador, a manter em funcionamento, ir-se-\u00e3o igualmente manter as colunas descendentes de saneamento, \u201ccoretes\u201d \u00e0s quais ser\u00e3o ligados os novos quartos de banho a reformular, assim como as cozinhas. Cada apartamento ser\u00e1 designado por um espa\u00e7o de sala e cozinha, criando a privacidade necess\u00e1ria para uma habitabilidade confort\u00e1vel.<\/p>\n<p>Rasgam-se quatro novas claraboias na cobertura para o mezanino e fecha-se outros com pouco relev\u00e2ncia arquitet\u00f3nica.<\/p>\n<p>O programa ser\u00e1 composto por tipologias T0 e T0duplex, e que ter\u00e3o para j\u00e1 a vista ao enquadramento no Alojamento local.<\/p>\n<p>O com\u00e9rcio n\u00e3o ser\u00e1 para j\u00e1 objeto de qualquer altera\u00e7\u00e3o ou interven\u00e7\u00e3o.<\/p>\n<p>A caixilharia dos portais ao n\u00edvel dos R\u00e9s\/Ch\u00e3o apresenta-se alterada relativamente aos restantes v\u00e3os dos edif\u00edcios.<\/p>\n<p>Em anteriores interven\u00e7\u00f5es substitu\u00edram a caixilharia de madeira original por caixilharia de alum\u00ednio anodizado \u00e0 qual se pretende restituir e voltar a colocar em madeira conforme desenhos de al\u00e7ado.<\/p>\n<p>Pretende-se ent\u00e3o acabar com a disson\u00e2ncia na fachada, pintando a caixilharia de forma uniforme em todos os v\u00e3os, procedendo naturalmente \u00e0 devida substitui\u00e7\u00e3o de alguns elementos podres, ema\u00e7amento, e acabamento com tintas de esmalte repondo o tom original.<\/p>\n","protected":false},"excerpt":{"rendered":"<p>De acordo com o P.D.M., o pr\u00e9dio encontra-se localizado em \u201c\u00c1rea Hist\u00f3rica\u201d. O edif\u00edcio ocupa a integridade do lote e confina na sua parte tardoz com a Rua da Bainharia, 37, 39 e 41. O pr\u00e9dio apresenta uma configura\u00e7\u00e3o t\u00edpica do Porto com muita profundidade e pouca frente, com fachadas frontais reduzidas, abrindo nestas a [&hellip;]<\/p>\n<p class=\"read-more\"><a class=\"button\" href=\"https:\/\/moraissoaresarquitectos.pt\/pt-pt\/projectos\/mouzinho-da-silveira\/\">Read More<\/a><\/p>\n","protected":false},"featured_media":2450,"template":"","tipo_de_projecto":[208],"class_list":["post-2449","projecto","type-projecto","status-publish","has-post-thumbnail","hentry","tipo_de_projecto-housing"],"yoast_head":"<!-- This site is optimized with the Yoast SEO plugin v26.3 - https:\/\/yoast.com\/wordpress\/plugins\/seo\/ -->\n<title>Mouzinho da Silveira - Morais<\/title>\n<meta name=\"robots\" content=\"index, follow, max-snippet:-1, max-image-preview:large, max-video-preview:-1\" \/>\n<link rel=\"canonical\" href=\"https:\/\/moraissoaresarquitectos.pt\/pt-pt\/projectos\/mouzinho-da-silveira\/\" \/>\n<meta property=\"og:locale\" content=\"pt_PT\" \/>\n<meta property=\"og:type\" content=\"article\" \/>\n<meta property=\"og:title\" content=\"Mouzinho da Silveira - Morais\" \/>\n<meta property=\"og:description\" content=\"De acordo com o P.D.M., o pr\u00e9dio encontra-se localizado em \u201c\u00c1rea Hist\u00f3rica\u201d. O edif\u00edcio ocupa a integridade do lote e confina na sua parte tardoz com a Rua da Bainharia, 37, 39 e 41. O pr\u00e9dio apresenta uma configura\u00e7\u00e3o t\u00edpica do Porto com muita profundidade e pouca frente, com fachadas frontais reduzidas, abrindo nestas a [&hellip;]Read More\" \/>\n<meta property=\"og:url\" content=\"https:\/\/moraissoaresarquitectos.pt\/pt-pt\/projectos\/mouzinho-da-silveira\/\" \/>\n<meta property=\"og:site_name\" content=\"Morais\" \/>\n<meta property=\"article:modified_time\" content=\"2022-07-21T11:04:06+00:00\" \/>\n<meta property=\"og:image\" content=\"https:\/\/moraissoaresarquitectos.pt\/wp-content\/uploads\/2022\/05\/1-CAPA-1.jpg\" \/>\n\t<meta property=\"og:image:width\" content=\"816\" \/>\n\t<meta property=\"og:image:height\" content=\"1500\" \/>\n\t<meta property=\"og:image:type\" content=\"image\/jpeg\" \/>\n<meta name=\"twitter:card\" content=\"summary_large_image\" \/>\n<meta name=\"twitter:label1\" content=\"Tempo estimado de leitura\" \/>\n\t<meta name=\"twitter:data1\" content=\"3 minutos\" \/>\n<script type=\"application\/ld+json\" class=\"yoast-schema-graph\">{\"@context\":\"https:\/\/schema.org\",\"@graph\":[{\"@type\":\"WebPage\",\"@id\":\"https:\/\/moraissoaresarquitectos.pt\/pt-pt\/projectos\/mouzinho-da-silveira\/\",\"url\":\"https:\/\/moraissoaresarquitectos.pt\/pt-pt\/projectos\/mouzinho-da-silveira\/\",\"name\":\"Mouzinho da Silveira - Morais\",\"isPartOf\":{\"@id\":\"https:\/\/moraissoaresarquitectos.pt\/#website\"},\"primaryImageOfPage\":{\"@id\":\"https:\/\/moraissoaresarquitectos.pt\/pt-pt\/projectos\/mouzinho-da-silveira\/#primaryimage\"},\"image\":{\"@id\":\"https:\/\/moraissoaresarquitectos.pt\/pt-pt\/projectos\/mouzinho-da-silveira\/#primaryimage\"},\"thumbnailUrl\":\"https:\/\/moraissoaresarquitectos.pt\/wp-content\/uploads\/2022\/05\/1-CAPA-1.jpg\",\"datePublished\":\"2022-05-25T16:21:10+00:00\",\"dateModified\":\"2022-07-21T11:04:06+00:00\",\"breadcrumb\":{\"@id\":\"https:\/\/moraissoaresarquitectos.pt\/pt-pt\/projectos\/mouzinho-da-silveira\/#breadcrumb\"},\"inLanguage\":\"pt-PT\",\"potentialAction\":[{\"@type\":\"ReadAction\",\"target\":[\"https:\/\/moraissoaresarquitectos.pt\/pt-pt\/projectos\/mouzinho-da-silveira\/\"]}]},{\"@type\":\"ImageObject\",\"inLanguage\":\"pt-PT\",\"@id\":\"https:\/\/moraissoaresarquitectos.pt\/pt-pt\/projectos\/mouzinho-da-silveira\/#primaryimage\",\"url\":\"https:\/\/moraissoaresarquitectos.pt\/wp-content\/uploads\/2022\/05\/1-CAPA-1.jpg\",\"contentUrl\":\"https:\/\/moraissoaresarquitectos.pt\/wp-content\/uploads\/2022\/05\/1-CAPA-1.jpg\",\"width\":816,\"height\":1500,\"caption\":\"Mouzinho da Silveira\"},{\"@type\":\"BreadcrumbList\",\"@id\":\"https:\/\/moraissoaresarquitectos.pt\/pt-pt\/projectos\/mouzinho-da-silveira\/#breadcrumb\",\"itemListElement\":[{\"@type\":\"ListItem\",\"position\":1,\"name\":\"Home\",\"item\":\"https:\/\/moraissoaresarquitectos.pt\/pt-pt\/\"},{\"@type\":\"ListItem\",\"position\":2,\"name\":\"Projectos\",\"item\":\"https:\/\/moraissoaresarquitectos.pt\/projectos\/\"},{\"@type\":\"ListItem\",\"position\":3,\"name\":\"Mouzinho da Silveira\"}]},{\"@type\":\"WebSite\",\"@id\":\"https:\/\/moraissoaresarquitectos.pt\/#website\",\"url\":\"https:\/\/moraissoaresarquitectos.pt\/\",\"name\":\"Morais\",\"description\":\"Morais Soares Arquitectos\",\"publisher\":{\"@id\":\"https:\/\/moraissoaresarquitectos.pt\/#organization\"},\"potentialAction\":[{\"@type\":\"SearchAction\",\"target\":{\"@type\":\"EntryPoint\",\"urlTemplate\":\"https:\/\/moraissoaresarquitectos.pt\/?s={search_term_string}\"},\"query-input\":{\"@type\":\"PropertyValueSpecification\",\"valueRequired\":true,\"valueName\":\"search_term_string\"}}],\"inLanguage\":\"pt-PT\"},{\"@type\":\"Organization\",\"@id\":\"https:\/\/moraissoaresarquitectos.pt\/#organization\",\"name\":\"Morais Soares Arquitectos\",\"url\":\"https:\/\/moraissoaresarquitectos.pt\/\",\"logo\":{\"@type\":\"ImageObject\",\"inLanguage\":\"pt-PT\",\"@id\":\"https:\/\/moraissoaresarquitectos.pt\/#\/schema\/logo\/image\/\",\"url\":\"https:\/\/moraissoaresarquitectos.pt\/wp-content\/uploads\/2022\/06\/cropped-logo-selecionado-2022-05-02-copiar.png\",\"contentUrl\":\"https:\/\/moraissoaresarquitectos.pt\/wp-content\/uploads\/2022\/06\/cropped-logo-selecionado-2022-05-02-copiar.png\",\"width\":500,\"height\":328,\"caption\":\"Morais Soares Arquitectos\"},\"image\":{\"@id\":\"https:\/\/moraissoaresarquitectos.pt\/#\/schema\/logo\/image\/\"}}]}<\/script>\n<!-- \/ Yoast SEO plugin. -->","yoast_head_json":{"title":"Mouzinho da Silveira - Morais","robots":{"index":"index","follow":"follow","max-snippet":"max-snippet:-1","max-image-preview":"max-image-preview:large","max-video-preview":"max-video-preview:-1"},"canonical":"https:\/\/moraissoaresarquitectos.pt\/pt-pt\/projectos\/mouzinho-da-silveira\/","og_locale":"pt_PT","og_type":"article","og_title":"Mouzinho da Silveira - Morais","og_description":"De acordo com o P.D.M., o pr\u00e9dio encontra-se localizado em \u201c\u00c1rea Hist\u00f3rica\u201d. O edif\u00edcio ocupa a integridade do lote e confina na sua parte tardoz com a Rua da Bainharia, 37, 39 e 41. O pr\u00e9dio apresenta uma configura\u00e7\u00e3o t\u00edpica do Porto com muita profundidade e pouca frente, com fachadas frontais reduzidas, abrindo nestas a [&hellip;]Read More","og_url":"https:\/\/moraissoaresarquitectos.pt\/pt-pt\/projectos\/mouzinho-da-silveira\/","og_site_name":"Morais","article_modified_time":"2022-07-21T11:04:06+00:00","og_image":[{"width":816,"height":1500,"url":"https:\/\/moraissoaresarquitectos.pt\/wp-content\/uploads\/2022\/05\/1-CAPA-1.jpg","type":"image\/jpeg"}],"twitter_card":"summary_large_image","twitter_misc":{"Tempo estimado de leitura":"3 minutos"},"schema":{"@context":"https:\/\/schema.org","@graph":[{"@type":"WebPage","@id":"https:\/\/moraissoaresarquitectos.pt\/pt-pt\/projectos\/mouzinho-da-silveira\/","url":"https:\/\/moraissoaresarquitectos.pt\/pt-pt\/projectos\/mouzinho-da-silveira\/","name":"Mouzinho da Silveira - Morais","isPartOf":{"@id":"https:\/\/moraissoaresarquitectos.pt\/#website"},"primaryImageOfPage":{"@id":"https:\/\/moraissoaresarquitectos.pt\/pt-pt\/projectos\/mouzinho-da-silveira\/#primaryimage"},"image":{"@id":"https:\/\/moraissoaresarquitectos.pt\/pt-pt\/projectos\/mouzinho-da-silveira\/#primaryimage"},"thumbnailUrl":"https:\/\/moraissoaresarquitectos.pt\/wp-content\/uploads\/2022\/05\/1-CAPA-1.jpg","datePublished":"2022-05-25T16:21:10+00:00","dateModified":"2022-07-21T11:04:06+00:00","breadcrumb":{"@id":"https:\/\/moraissoaresarquitectos.pt\/pt-pt\/projectos\/mouzinho-da-silveira\/#breadcrumb"},"inLanguage":"pt-PT","potentialAction":[{"@type":"ReadAction","target":["https:\/\/moraissoaresarquitectos.pt\/pt-pt\/projectos\/mouzinho-da-silveira\/"]}]},{"@type":"ImageObject","inLanguage":"pt-PT","@id":"https:\/\/moraissoaresarquitectos.pt\/pt-pt\/projectos\/mouzinho-da-silveira\/#primaryimage","url":"https:\/\/moraissoaresarquitectos.pt\/wp-content\/uploads\/2022\/05\/1-CAPA-1.jpg","contentUrl":"https:\/\/moraissoaresarquitectos.pt\/wp-content\/uploads\/2022\/05\/1-CAPA-1.jpg","width":816,"height":1500,"caption":"Mouzinho da Silveira"},{"@type":"BreadcrumbList","@id":"https:\/\/moraissoaresarquitectos.pt\/pt-pt\/projectos\/mouzinho-da-silveira\/#breadcrumb","itemListElement":[{"@type":"ListItem","position":1,"name":"Home","item":"https:\/\/moraissoaresarquitectos.pt\/pt-pt\/"},{"@type":"ListItem","position":2,"name":"Projectos","item":"https:\/\/moraissoaresarquitectos.pt\/projectos\/"},{"@type":"ListItem","position":3,"name":"Mouzinho da Silveira"}]},{"@type":"WebSite","@id":"https:\/\/moraissoaresarquitectos.pt\/#website","url":"https:\/\/moraissoaresarquitectos.pt\/","name":"Morais","description":"Morais Soares Arquitectos","publisher":{"@id":"https:\/\/moraissoaresarquitectos.pt\/#organization"},"potentialAction":[{"@type":"SearchAction","target":{"@type":"EntryPoint","urlTemplate":"https:\/\/moraissoaresarquitectos.pt\/?s={search_term_string}"},"query-input":{"@type":"PropertyValueSpecification","valueRequired":true,"valueName":"search_term_string"}}],"inLanguage":"pt-PT"},{"@type":"Organization","@id":"https:\/\/moraissoaresarquitectos.pt\/#organization","name":"Morais Soares Arquitectos","url":"https:\/\/moraissoaresarquitectos.pt\/","logo":{"@type":"ImageObject","inLanguage":"pt-PT","@id":"https:\/\/moraissoaresarquitectos.pt\/#\/schema\/logo\/image\/","url":"https:\/\/moraissoaresarquitectos.pt\/wp-content\/uploads\/2022\/06\/cropped-logo-selecionado-2022-05-02-copiar.png","contentUrl":"https:\/\/moraissoaresarquitectos.pt\/wp-content\/uploads\/2022\/06\/cropped-logo-selecionado-2022-05-02-copiar.png","width":500,"height":328,"caption":"Morais Soares Arquitectos"},"image":{"@id":"https:\/\/moraissoaresarquitectos.pt\/#\/schema\/logo\/image\/"}}]}},"_links":{"self":[{"href":"https:\/\/moraissoaresarquitectos.pt\/pt-pt\/wp-json\/wp\/v2\/projecto\/2449","targetHints":{"allow":["GET"]}}],"collection":[{"href":"https:\/\/moraissoaresarquitectos.pt\/pt-pt\/wp-json\/wp\/v2\/projecto"}],"about":[{"href":"https:\/\/moraissoaresarquitectos.pt\/pt-pt\/wp-json\/wp\/v2\/types\/projecto"}],"version-history":[{"count":1,"href":"https:\/\/moraissoaresarquitectos.pt\/pt-pt\/wp-json\/wp\/v2\/projecto\/2449\/revisions"}],"predecessor-version":[{"id":4182,"href":"https:\/\/moraissoaresarquitectos.pt\/pt-pt\/wp-json\/wp\/v2\/projecto\/2449\/revisions\/4182"}],"wp:featuredmedia":[{"embeddable":true,"href":"https:\/\/moraissoaresarquitectos.pt\/pt-pt\/wp-json\/wp\/v2\/media\/2450"}],"wp:attachment":[{"href":"https:\/\/moraissoaresarquitectos.pt\/pt-pt\/wp-json\/wp\/v2\/media?parent=2449"}],"wp:term":[{"taxonomy":"tipo_de_projecto","embeddable":true,"href":"https:\/\/moraissoaresarquitectos.pt\/pt-pt\/wp-json\/wp\/v2\/tipo_de_projecto?post=2449"}],"curies":[{"name":"wp","href":"https:\/\/api.w.org\/{rel}","templated":true}]}}