{"id":2177,"date":"2022-05-25T14:09:18","date_gmt":"2022-05-25T14:09:18","guid":{"rendered":"https:\/\/moraissoaresarquitectos.pt\/?post_type=projecto&#038;p=2177"},"modified":"2023-06-22T13:02:14","modified_gmt":"2023-06-22T13:02:14","slug":"bandeirinha-38-2","status":"publish","type":"projecto","link":"https:\/\/moraissoaresarquitectos.pt\/pt-pt\/projectos\/bandeirinha-38-2\/","title":{"rendered":"Bandeirinha 38"},"content":{"rendered":"<p>A mudan\u00e7a e amplia\u00e7\u00e3o de uma casa do s\u00e9culo XVIII, para a cria\u00e7\u00e3o de apartamentos unifamiliares generosos e funcionais, refor\u00e7a o princ\u00edpio da recupera\u00e7\u00e3o de uma rede residencial forte e consistente no centro hist\u00f3rico, em contraste com a crescente ocupa\u00e7\u00e3o de apartamentos de pequenas dimens\u00f5es. para fins tur\u00edsticos.<\/p>\n<p>Assim pretende-se desenvolver a constru\u00e7\u00e3o nova e estrutural em madeira e ferro, para equilibrar a estrutura original da casa barroca, em pedra lavrada, aliando as val\u00eancias de conforto das habita\u00e7\u00f5es contempor\u00e2neas como as lavandarias, quartos devidamente fenestrados, cozinhas, quartos espa\u00e7osos e por fim as garagens. O di\u00e1logo entre a casa de pedra barroca, preservada ao m\u00e1ximo, e a nova expans\u00e3o pela constru\u00e7\u00e3o em ferro e madeira, estabelecendo rela\u00e7\u00f5es que podem ser experimentadas tanto pelas suas fachadas como pelos seus compartimentos interiores, com vigas de madeira nobre vis\u00edveis assentes na pedra antiga paredes, agora fachadas interiores dos apartamentos.<\/p>\n<p>O terreno tem um generoso p\u00e1tio caracterizado pelo Plano Diretor Municipal como uma \u00e1rea verde a preservar, com vista para o Jardim das Virtudes e o Rio Douro, onde se encontra uma piscina equipada com spa, permitindo usufruir de um espa\u00e7o de conv\u00edvio ao ar livre. comum a todos os moradores.<\/p>\n<p>As garagens s\u00e3o elementos essenciais para o equil\u00edbrio e funcionalidade da nova proposta, uma vez que a Rua da Bandeirinha \u00e9 uma rua de sa\u00edda \u00fanica, com dificuldade de estacionamento e declive, a rua dificulta o regresso a casa, na aus\u00eancia de estacionamento. Uma solu\u00e7\u00e3o praticamente \u201cinvis\u00edvel\u201d aproveita os alinhamentos do reboco e pedra existentes, inserindo uma porta, com os mesmos materiais e acabamentos, preservando a leitura da fachada hist\u00f3rica intocada, nos seus elementos mais caracterizadores como as pilastras de granito e a janela quadros.<\/p>\n<p>De forma a preservar e resolver os desn\u00edveis existentes, prop\u00f5e-se a introdu\u00e7\u00e3o de uma plataforma elevat\u00f3ria que evite o desenvolvimento de grandes rampas de estacionamento, pouco compat\u00edveis com o espa\u00e7o existente.<\/p>\n","protected":false},"excerpt":{"rendered":"<p>A mudan\u00e7a e amplia\u00e7\u00e3o de uma casa do s\u00e9culo XVIII, para a cria\u00e7\u00e3o de apartamentos unifamiliares generosos e funcionais, refor\u00e7a o princ\u00edpio da recupera\u00e7\u00e3o de uma rede residencial forte e consistente no centro hist\u00f3rico, em contraste com a crescente ocupa\u00e7\u00e3o de apartamentos de pequenas dimens\u00f5es. para fins tur\u00edsticos. Assim pretende-se desenvolver a constru\u00e7\u00e3o nova e [&hellip;]<\/p>\n<p class=\"read-more\"><a class=\"button\" href=\"https:\/\/moraissoaresarquitectos.pt\/pt-pt\/projectos\/bandeirinha-38-2\/\">Read More<\/a><\/p>\n","protected":false},"featured_media":2094,"template":"","tipo_de_projecto":[208],"class_list":["post-2177","projecto","type-projecto","status-publish","has-post-thumbnail","hentry","tipo_de_projecto-housing"],"yoast_head":"<!-- This site is optimized with the Yoast SEO plugin v26.3 - https:\/\/yoast.com\/wordpress\/plugins\/seo\/ -->\n<title>Bandeirinha 38 - Morais<\/title>\n<meta name=\"robots\" content=\"index, follow, max-snippet:-1, max-image-preview:large, max-video-preview:-1\" \/>\n<link rel=\"canonical\" href=\"https:\/\/moraissoaresarquitectos.pt\/pt-pt\/projectos\/bandeirinha-38-2\/\" \/>\n<meta property=\"og:locale\" content=\"pt_PT\" \/>\n<meta property=\"og:type\" content=\"article\" \/>\n<meta property=\"og:title\" content=\"Bandeirinha 38 - Morais\" \/>\n<meta property=\"og:description\" content=\"A mudan\u00e7a e amplia\u00e7\u00e3o de uma casa do s\u00e9culo XVIII, para a cria\u00e7\u00e3o de apartamentos unifamiliares generosos e funcionais, refor\u00e7a o princ\u00edpio da recupera\u00e7\u00e3o de uma rede residencial forte e consistente no centro hist\u00f3rico, em contraste com a crescente ocupa\u00e7\u00e3o de apartamentos de pequenas dimens\u00f5es. para fins tur\u00edsticos. Assim pretende-se desenvolver a constru\u00e7\u00e3o nova e [&hellip;]Read More\" \/>\n<meta property=\"og:url\" content=\"https:\/\/moraissoaresarquitectos.pt\/pt-pt\/projectos\/bandeirinha-38-2\/\" \/>\n<meta property=\"og:site_name\" content=\"Morais\" \/>\n<meta property=\"article:modified_time\" content=\"2023-06-22T13:02:14+00:00\" \/>\n<meta property=\"og:image\" content=\"https:\/\/moraissoaresarquitectos.pt\/wp-content\/uploads\/2022\/05\/Bandeirinha_10-capa-1-scaled.jpg\" \/>\n\t<meta property=\"og:image:width\" content=\"2560\" \/>\n\t<meta property=\"og:image:height\" content=\"1707\" \/>\n\t<meta property=\"og:image:type\" content=\"image\/jpeg\" \/>\n<meta name=\"twitter:card\" content=\"summary_large_image\" \/>\n<meta name=\"twitter:label1\" content=\"Tempo estimado de leitura\" \/>\n\t<meta name=\"twitter:data1\" content=\"2 minutos\" \/>\n<script type=\"application\/ld+json\" class=\"yoast-schema-graph\">{\"@context\":\"https:\/\/schema.org\",\"@graph\":[{\"@type\":\"WebPage\",\"@id\":\"https:\/\/moraissoaresarquitectos.pt\/pt-pt\/projectos\/bandeirinha-38-2\/\",\"url\":\"https:\/\/moraissoaresarquitectos.pt\/pt-pt\/projectos\/bandeirinha-38-2\/\",\"name\":\"Bandeirinha 38 - Morais\",\"isPartOf\":{\"@id\":\"https:\/\/moraissoaresarquitectos.pt\/#website\"},\"primaryImageOfPage\":{\"@id\":\"https:\/\/moraissoaresarquitectos.pt\/pt-pt\/projectos\/bandeirinha-38-2\/#primaryimage\"},\"image\":{\"@id\":\"https:\/\/moraissoaresarquitectos.pt\/pt-pt\/projectos\/bandeirinha-38-2\/#primaryimage\"},\"thumbnailUrl\":\"https:\/\/moraissoaresarquitectos.pt\/wp-content\/uploads\/2022\/05\/Bandeirinha_10-capa-1-scaled.jpg\",\"datePublished\":\"2022-05-25T14:09:18+00:00\",\"dateModified\":\"2023-06-22T13:02:14+00:00\",\"breadcrumb\":{\"@id\":\"https:\/\/moraissoaresarquitectos.pt\/pt-pt\/projectos\/bandeirinha-38-2\/#breadcrumb\"},\"inLanguage\":\"pt-PT\",\"potentialAction\":[{\"@type\":\"ReadAction\",\"target\":[\"https:\/\/moraissoaresarquitectos.pt\/pt-pt\/projectos\/bandeirinha-38-2\/\"]}]},{\"@type\":\"ImageObject\",\"inLanguage\":\"pt-PT\",\"@id\":\"https:\/\/moraissoaresarquitectos.pt\/pt-pt\/projectos\/bandeirinha-38-2\/#primaryimage\",\"url\":\"https:\/\/moraissoaresarquitectos.pt\/wp-content\/uploads\/2022\/05\/Bandeirinha_10-capa-1-scaled.jpg\",\"contentUrl\":\"https:\/\/moraissoaresarquitectos.pt\/wp-content\/uploads\/2022\/05\/Bandeirinha_10-capa-1-scaled.jpg\",\"width\":2560,\"height\":1707,\"caption\":\"\u00f7\"},{\"@type\":\"BreadcrumbList\",\"@id\":\"https:\/\/moraissoaresarquitectos.pt\/pt-pt\/projectos\/bandeirinha-38-2\/#breadcrumb\",\"itemListElement\":[{\"@type\":\"ListItem\",\"position\":1,\"name\":\"Home\",\"item\":\"https:\/\/moraissoaresarquitectos.pt\/pt-pt\/\"},{\"@type\":\"ListItem\",\"position\":2,\"name\":\"Projectos\",\"item\":\"https:\/\/moraissoaresarquitectos.pt\/projectos\/\"},{\"@type\":\"ListItem\",\"position\":3,\"name\":\"Bandeirinha 38\"}]},{\"@type\":\"WebSite\",\"@id\":\"https:\/\/moraissoaresarquitectos.pt\/#website\",\"url\":\"https:\/\/moraissoaresarquitectos.pt\/\",\"name\":\"Morais\",\"description\":\"Morais Soares Arquitectos\",\"publisher\":{\"@id\":\"https:\/\/moraissoaresarquitectos.pt\/#organization\"},\"potentialAction\":[{\"@type\":\"SearchAction\",\"target\":{\"@type\":\"EntryPoint\",\"urlTemplate\":\"https:\/\/moraissoaresarquitectos.pt\/?s={search_term_string}\"},\"query-input\":{\"@type\":\"PropertyValueSpecification\",\"valueRequired\":true,\"valueName\":\"search_term_string\"}}],\"inLanguage\":\"pt-PT\"},{\"@type\":\"Organization\",\"@id\":\"https:\/\/moraissoaresarquitectos.pt\/#organization\",\"name\":\"Morais Soares Arquitectos\",\"url\":\"https:\/\/moraissoaresarquitectos.pt\/\",\"logo\":{\"@type\":\"ImageObject\",\"inLanguage\":\"pt-PT\",\"@id\":\"https:\/\/moraissoaresarquitectos.pt\/#\/schema\/logo\/image\/\",\"url\":\"https:\/\/moraissoaresarquitectos.pt\/wp-content\/uploads\/2022\/06\/cropped-logo-selecionado-2022-05-02-copiar.png\",\"contentUrl\":\"https:\/\/moraissoaresarquitectos.pt\/wp-content\/uploads\/2022\/06\/cropped-logo-selecionado-2022-05-02-copiar.png\",\"width\":500,\"height\":328,\"caption\":\"Morais Soares Arquitectos\"},\"image\":{\"@id\":\"https:\/\/moraissoaresarquitectos.pt\/#\/schema\/logo\/image\/\"}}]}<\/script>\n<!-- \/ Yoast SEO plugin. -->","yoast_head_json":{"title":"Bandeirinha 38 - Morais","robots":{"index":"index","follow":"follow","max-snippet":"max-snippet:-1","max-image-preview":"max-image-preview:large","max-video-preview":"max-video-preview:-1"},"canonical":"https:\/\/moraissoaresarquitectos.pt\/pt-pt\/projectos\/bandeirinha-38-2\/","og_locale":"pt_PT","og_type":"article","og_title":"Bandeirinha 38 - Morais","og_description":"A mudan\u00e7a e amplia\u00e7\u00e3o de uma casa do s\u00e9culo XVIII, para a cria\u00e7\u00e3o de apartamentos unifamiliares generosos e funcionais, refor\u00e7a o princ\u00edpio da recupera\u00e7\u00e3o de uma rede residencial forte e consistente no centro hist\u00f3rico, em contraste com a crescente ocupa\u00e7\u00e3o de apartamentos de pequenas dimens\u00f5es. para fins tur\u00edsticos. Assim pretende-se desenvolver a constru\u00e7\u00e3o nova e [&hellip;]Read More","og_url":"https:\/\/moraissoaresarquitectos.pt\/pt-pt\/projectos\/bandeirinha-38-2\/","og_site_name":"Morais","article_modified_time":"2023-06-22T13:02:14+00:00","og_image":[{"width":2560,"height":1707,"url":"https:\/\/moraissoaresarquitectos.pt\/wp-content\/uploads\/2022\/05\/Bandeirinha_10-capa-1-scaled.jpg","type":"image\/jpeg"}],"twitter_card":"summary_large_image","twitter_misc":{"Tempo estimado de leitura":"2 minutos"},"schema":{"@context":"https:\/\/schema.org","@graph":[{"@type":"WebPage","@id":"https:\/\/moraissoaresarquitectos.pt\/pt-pt\/projectos\/bandeirinha-38-2\/","url":"https:\/\/moraissoaresarquitectos.pt\/pt-pt\/projectos\/bandeirinha-38-2\/","name":"Bandeirinha 38 - Morais","isPartOf":{"@id":"https:\/\/moraissoaresarquitectos.pt\/#website"},"primaryImageOfPage":{"@id":"https:\/\/moraissoaresarquitectos.pt\/pt-pt\/projectos\/bandeirinha-38-2\/#primaryimage"},"image":{"@id":"https:\/\/moraissoaresarquitectos.pt\/pt-pt\/projectos\/bandeirinha-38-2\/#primaryimage"},"thumbnailUrl":"https:\/\/moraissoaresarquitectos.pt\/wp-content\/uploads\/2022\/05\/Bandeirinha_10-capa-1-scaled.jpg","datePublished":"2022-05-25T14:09:18+00:00","dateModified":"2023-06-22T13:02:14+00:00","breadcrumb":{"@id":"https:\/\/moraissoaresarquitectos.pt\/pt-pt\/projectos\/bandeirinha-38-2\/#breadcrumb"},"inLanguage":"pt-PT","potentialAction":[{"@type":"ReadAction","target":["https:\/\/moraissoaresarquitectos.pt\/pt-pt\/projectos\/bandeirinha-38-2\/"]}]},{"@type":"ImageObject","inLanguage":"pt-PT","@id":"https:\/\/moraissoaresarquitectos.pt\/pt-pt\/projectos\/bandeirinha-38-2\/#primaryimage","url":"https:\/\/moraissoaresarquitectos.pt\/wp-content\/uploads\/2022\/05\/Bandeirinha_10-capa-1-scaled.jpg","contentUrl":"https:\/\/moraissoaresarquitectos.pt\/wp-content\/uploads\/2022\/05\/Bandeirinha_10-capa-1-scaled.jpg","width":2560,"height":1707,"caption":"\u00f7"},{"@type":"BreadcrumbList","@id":"https:\/\/moraissoaresarquitectos.pt\/pt-pt\/projectos\/bandeirinha-38-2\/#breadcrumb","itemListElement":[{"@type":"ListItem","position":1,"name":"Home","item":"https:\/\/moraissoaresarquitectos.pt\/pt-pt\/"},{"@type":"ListItem","position":2,"name":"Projectos","item":"https:\/\/moraissoaresarquitectos.pt\/projectos\/"},{"@type":"ListItem","position":3,"name":"Bandeirinha 38"}]},{"@type":"WebSite","@id":"https:\/\/moraissoaresarquitectos.pt\/#website","url":"https:\/\/moraissoaresarquitectos.pt\/","name":"Morais","description":"Morais Soares Arquitectos","publisher":{"@id":"https:\/\/moraissoaresarquitectos.pt\/#organization"},"potentialAction":[{"@type":"SearchAction","target":{"@type":"EntryPoint","urlTemplate":"https:\/\/moraissoaresarquitectos.pt\/?s={search_term_string}"},"query-input":{"@type":"PropertyValueSpecification","valueRequired":true,"valueName":"search_term_string"}}],"inLanguage":"pt-PT"},{"@type":"Organization","@id":"https:\/\/moraissoaresarquitectos.pt\/#organization","name":"Morais Soares Arquitectos","url":"https:\/\/moraissoaresarquitectos.pt\/","logo":{"@type":"ImageObject","inLanguage":"pt-PT","@id":"https:\/\/moraissoaresarquitectos.pt\/#\/schema\/logo\/image\/","url":"https:\/\/moraissoaresarquitectos.pt\/wp-content\/uploads\/2022\/06\/cropped-logo-selecionado-2022-05-02-copiar.png","contentUrl":"https:\/\/moraissoaresarquitectos.pt\/wp-content\/uploads\/2022\/06\/cropped-logo-selecionado-2022-05-02-copiar.png","width":500,"height":328,"caption":"Morais Soares Arquitectos"},"image":{"@id":"https:\/\/moraissoaresarquitectos.pt\/#\/schema\/logo\/image\/"}}]}},"_links":{"self":[{"href":"https:\/\/moraissoaresarquitectos.pt\/pt-pt\/wp-json\/wp\/v2\/projecto\/2177","targetHints":{"allow":["GET"]}}],"collection":[{"href":"https:\/\/moraissoaresarquitectos.pt\/pt-pt\/wp-json\/wp\/v2\/projecto"}],"about":[{"href":"https:\/\/moraissoaresarquitectos.pt\/pt-pt\/wp-json\/wp\/v2\/types\/projecto"}],"version-history":[{"count":6,"href":"https:\/\/moraissoaresarquitectos.pt\/pt-pt\/wp-json\/wp\/v2\/projecto\/2177\/revisions"}],"predecessor-version":[{"id":4779,"href":"https:\/\/moraissoaresarquitectos.pt\/pt-pt\/wp-json\/wp\/v2\/projecto\/2177\/revisions\/4779"}],"wp:featuredmedia":[{"embeddable":true,"href":"https:\/\/moraissoaresarquitectos.pt\/pt-pt\/wp-json\/wp\/v2\/media\/2094"}],"wp:attachment":[{"href":"https:\/\/moraissoaresarquitectos.pt\/pt-pt\/wp-json\/wp\/v2\/media?parent=2177"}],"wp:term":[{"taxonomy":"tipo_de_projecto","embeddable":true,"href":"https:\/\/moraissoaresarquitectos.pt\/pt-pt\/wp-json\/wp\/v2\/tipo_de_projecto?post=2177"}],"curies":[{"name":"wp","href":"https:\/\/api.w.org\/{rel}","templated":true}]}}