{"id":2,"date":"2022-05-05T15:34:18","date_gmt":"2022-05-05T15:34:18","guid":{"rendered":"https:\/\/moraissoaresarquitectos.pt\/?page_id=2"},"modified":"2022-07-28T11:48:03","modified_gmt":"2022-07-28T11:48:03","slug":"about-2","status":"publish","type":"page","link":"https:\/\/moraissoaresarquitectos.pt\/pt-pt\/about-2\/","title":{"rendered":"About"},"content":{"rendered":"\r\n<div class=\"row\">\r\n<div class=\"col-md-12\"><img loading=\"lazy\" decoding=\"async\" class=\"alignnone size-full wp-image-4780\" src=\"https:\/\/moraissoaresarquitectos.pt\/wp-content\/uploads\/2022\/07\/2022-07-27MSA.png\" alt=\"\" width=\"3022\" height=\"1185\" srcset=\"https:\/\/moraissoaresarquitectos.pt\/wp-content\/uploads\/2022\/07\/2022-07-27MSA.png 3022w, https:\/\/moraissoaresarquitectos.pt\/wp-content\/uploads\/2022\/07\/2022-07-27MSA-300x118.png 300w, https:\/\/moraissoaresarquitectos.pt\/wp-content\/uploads\/2022\/07\/2022-07-27MSA-1024x402.png 1024w, https:\/\/moraissoaresarquitectos.pt\/wp-content\/uploads\/2022\/07\/2022-07-27MSA-768x301.png 768w, https:\/\/moraissoaresarquitectos.pt\/wp-content\/uploads\/2022\/07\/2022-07-27MSA-1536x602.png 1536w, https:\/\/moraissoaresarquitectos.pt\/wp-content\/uploads\/2022\/07\/2022-07-27MSA-2048x803.png 2048w\" sizes=\"auto, (max-width: 3022px) 100vw, 3022px\" \/><\/div>\r\n<div class=\"col-md-6\"><br \/>\r\n<p><br \/>A liga\u00e7\u00e3o da fam\u00edlia Morais Soares \u00e0 arquitectura, tem in\u00edcio com M\u00e1rio C\u00e2ndido de Morais Soares, formado em 1933 no curso de arquitectura da Escola Superior de Belas Artes do Porto.<\/p>\r\n<p>Conjuntamente com dois colegas de curso, fundam a ARS \u2013 Arquitectos, atelier precursor do Modernismo Portugu\u00eas, com obras como o mercado do Bom Sucesso, o Mercado de Matosinhos, o Pal\u00e1cio Atl\u00e2ntico e Pra\u00e7a D. Jo\u00e3o I, a F\u00e1brica Oliva, entre outros. Ap\u00f3s a dissolu\u00e7\u00e3o da ARS \u2013 Arquitectos, em 1954, M\u00e1rio Morais Soares exerce actividade como arquitecto independente.<\/p>\r\n<p>Vasco Morais Soares, forma-se em arquitectura pela Escola Superior de Belas Artes do Porto em 1971. Entre 1971 e 1975, trabalha no Gabinete de Obras P\u00fablicas de Luanda, onde desenvolve projectos de Arquitectura e Urbanismo. Regressado a Portugal, d\u00e1 continuidade como profissional liberal ao gabinete de seu pai, entretanto falecido.<\/p>\r\n<p>Entre 1975 e 2000 assume fun\u00e7\u00f5es directivas na Associa\u00e7\u00e3o de Arquitectos Portugueses.<\/p>\r\n<p>Com a terceira gera\u00e7\u00e3o de arquitectos, Raquel, Gon\u00e7alo e Duarte Morais Soares, forma-se o gabinete Morais Soares Arquitectos em 2002, onde se desenvolvem projectos em conjunto, mas tamb\u00e9m aut\u00f3nomos, sempre com grande troca de opini\u00f5es. N\u00e3o se submetendo obrigatoriamente \u00e0s correntes dominantes, elaboram-se projectos caso a caso, tendo em aten\u00e7\u00e3o a envolvente, os programas, os clientes, o respeito pelo patrim\u00f3nio.<\/p>\r\n<p>Desenvolvem-se projectos de urbanismo e de arquitectura, (recupera\u00e7\u00e3o e obra nova) nas mais diversas \u00e1reas: habita\u00e7\u00e3o, hotelaria, restaura\u00e7\u00e3o, estabelecimentos de ensino, ind\u00fastria, equipamentos desportivos, adegas vin\u00edcolas, equipamentos religiosos, etc.<\/p>\r\n<\/div>\r\n<div class=\"col-md-6\">\r\n<div class=\"row background-image-2\">\u00a0<\/div>\r\n<\/div>\r\n<\/div>\r\n<!-- \r\n<p><img loading=\"lazy\" decoding=\"async\" class=\"alignnone  wp-image-1901\" src=\"https:\/\/moraissoaresarquitectos.pt\/wp-content\/uploads\/2022\/05\/Imagem-32.png\" alt=\"\" width=\"782\" height=\"631\" srcset=\"https:\/\/moraissoaresarquitectos.pt\/wp-content\/uploads\/2022\/05\/Imagem-32.png 827w, https:\/\/moraissoaresarquitectos.pt\/wp-content\/uploads\/2022\/05\/Imagem-32-300x242.png 300w, https:\/\/moraissoaresarquitectos.pt\/wp-content\/uploads\/2022\/05\/Imagem-32-768x619.png 768w\" sizes=\"auto, (max-width: 782px) 100vw, 782px\" \/><img loading=\"lazy\" decoding=\"async\" class=\"alignnone size-full wp-image-2823\" src=\"https:\/\/moraissoaresarquitectos.pt\/wp-content\/uploads\/2022\/05\/Captura-de-ecra\u0303-2022-05-27-a\u0300s-12.02.41.png\" alt=\"\" width=\"368\" height=\"364\" srcset=\"https:\/\/moraissoaresarquitectos.pt\/wp-content\/uploads\/2022\/05\/Captura-de-ecra\u0303-2022-05-27-a\u0300s-12.02.41.png 368w, https:\/\/moraissoaresarquitectos.pt\/wp-content\/uploads\/2022\/05\/Captura-de-ecra\u0303-2022-05-27-a\u0300s-12.02.41-300x297.png 300w\" sizes=\"auto, (max-width: 368px) 100vw, 368px\" \/><img loading=\"lazy\" decoding=\"async\" class=\"alignnone size-full wp-image-2825\" src=\"https:\/\/moraissoaresarquitectos.pt\/wp-content\/uploads\/2022\/05\/Captura-de-ecra\u0303-2022-05-27-a\u0300s-12.02.54.png\" alt=\"\" width=\"342\" height=\"364\" srcset=\"https:\/\/moraissoaresarquitectos.pt\/wp-content\/uploads\/2022\/05\/Captura-de-ecra\u0303-2022-05-27-a\u0300s-12.02.54.png 342w, https:\/\/moraissoaresarquitectos.pt\/wp-content\/uploads\/2022\/05\/Captura-de-ecra\u0303-2022-05-27-a\u0300s-12.02.54-282x300.png 282w\" sizes=\"auto, (max-width: 342px) 100vw, 342px\" \/><\/p>\r\n<p><br \/>A liga\u00e7\u00e3o da fam\u00edlia Morais Soares \u00e0 arquitectura , tem in\u00edcio com M\u00e1rio C\u00e2ndido de Morais Soares, formado em 1933 no curso de arquitectura da Escola Superior de Belas Artes do Porto.<\/p>\r\n<p>Conjuntamente com dois colegas de curso, fundam a ARS \u2013 Arquitectos, atelier precursor do Modernismo Portugu\u00eas, com obras como o mercado do Bom Sucesso, o Mercado de Matosinhos, o Pal\u00e1cio Atl\u00e2ntico e Pra\u00e7a D. Jo\u00e3o I, a F\u00e1brica Oliva, entre outros. Ap\u00f3s a dissolu\u00e7\u00e3o da ARS \u2013 Arquitectos, em 1954, M\u00e1rio Morais Soares exerce actividade como arquitecto independente.<\/p>\r\n<p>Vasco Morais Soares, forma-se em arquitectura pela Escola Superior de Belas Artes do Porto em 1971. Entre 1971 e 1975, trabalha no Gabinete de Obras P\u00fablicas de Luanda, onde desenvolve projectos de Arquitectura e Urbanismo. Regressado a Portugal, d\u00e1 continuidade como profissional liberal ao gabinete de seu pai, entretanto falecido.<\/p>\r\n<p>Entre 1975 e 2000 assume fun\u00e7\u00f5es directivas na Associa\u00e7\u00e3o de Arquitectos Portugueses.<\/p>\r\n<p>Com a terceira gera\u00e7\u00e3o de arquitectos, Raquel, Gon\u00e7alo e Duarte Morais Soares, forma-se o gabinete Morais Soares Arquitectos em 2002, onde se desenvolvem projectos em conjunto, mas tamb\u00e9m aut\u00f3nomos, sempre com grande troca de opini\u00f5es. N\u00e3o se submetendo obrigatoriamente \u00e0s correntes dominantes, elaboram-se projectos caso a caso, tendo em aten\u00e7\u00e3o a envolvente, os programas, os clientes, o respeito pelo patrim\u00f3nio.<\/p>\r\n<p>Desenvolvem-se projectos de urbanismo e de arquitectura, (recupera\u00e7\u00e3o e obra nova) nas mais diversas \u00e1reas: habita\u00e7\u00e3o, hotelaria, restaura\u00e7\u00e3o, estabelecimentos de ensino, ind\u00fastria, equipamentos desportivos, adegas vin\u00edcolas, equipamentos religiosos, etc.<\/p> -->\r\n<p>&nbsp;<\/p>\r\n","protected":false},"excerpt":{"rendered":"<p>A liga\u00e7\u00e3o da fam\u00edlia Morais Soares \u00e0 arquitectura, tem in\u00edcio com M\u00e1rio C\u00e2ndido de Morais Soares, formado em 1933 no curso de arquitectura da Escola Superior de Belas Artes do Porto. Conjuntamente com dois colegas de curso, fundam a ARS \u2013 Arquitectos, atelier precursor do Modernismo Portugu\u00eas, com obras como o mercado do Bom Sucesso, [&hellip;]<\/p>\n<p class=\"read-more\"><a class=\"button\" href=\"https:\/\/moraissoaresarquitectos.pt\/pt-pt\/about-2\/\">Read More<\/a><\/p>\n","protected":false},"author":1,"featured_media":0,"parent":0,"menu_order":0,"comment_status":"closed","ping_status":"open","template":"","meta":{"footnotes":""},"class_list":["post-2","page","type-page","status-publish","hentry"],"yoast_head":"<!-- This site is optimized with the Yoast SEO plugin v26.3 - https:\/\/yoast.com\/wordpress\/plugins\/seo\/ -->\n<title>About - Morais<\/title>\n<meta name=\"robots\" content=\"index, follow, max-snippet:-1, max-image-preview:large, max-video-preview:-1\" \/>\n<link rel=\"canonical\" href=\"https:\/\/moraissoaresarquitectos.pt\/about\/\" \/>\n<meta property=\"og:locale\" content=\"pt_PT\" \/>\n<meta property=\"og:type\" content=\"article\" \/>\n<meta property=\"og:title\" content=\"About - Morais\" \/>\n<meta property=\"og:description\" content=\"A liga\u00e7\u00e3o da fam\u00edlia Morais Soares \u00e0 arquitectura, tem in\u00edcio com M\u00e1rio C\u00e2ndido de Morais Soares, formado em 1933 no curso de arquitectura da Escola Superior de Belas Artes do Porto. Conjuntamente com dois colegas de curso, fundam a ARS \u2013 Arquitectos, atelier precursor do Modernismo Portugu\u00eas, com obras como o mercado do Bom Sucesso, [&hellip;]Read More\" \/>\n<meta property=\"og:url\" content=\"https:\/\/moraissoaresarquitectos.pt\/about\/\" \/>\n<meta property=\"og:site_name\" content=\"Morais\" \/>\n<meta property=\"article:modified_time\" content=\"2022-07-28T11:48:03+00:00\" \/>\n<meta property=\"og:image\" content=\"https:\/\/moraissoaresarquitectos.pt\/wp-content\/uploads\/2022\/07\/2022-07-27MSA.png\" \/>\n<meta name=\"twitter:card\" content=\"summary_large_image\" \/>\n<meta name=\"twitter:label1\" content=\"Tempo estimado de leitura\" \/>\n\t<meta name=\"twitter:data1\" content=\"1 minuto\" \/>\n<script type=\"application\/ld+json\" class=\"yoast-schema-graph\">{\"@context\":\"https:\/\/schema.org\",\"@graph\":[{\"@type\":\"WebPage\",\"@id\":\"https:\/\/moraissoaresarquitectos.pt\/about\/\",\"url\":\"https:\/\/moraissoaresarquitectos.pt\/about\/\",\"name\":\"About - Morais\",\"isPartOf\":{\"@id\":\"https:\/\/moraissoaresarquitectos.pt\/#website\"},\"primaryImageOfPage\":{\"@id\":\"https:\/\/moraissoaresarquitectos.pt\/about\/#primaryimage\"},\"image\":{\"@id\":\"https:\/\/moraissoaresarquitectos.pt\/about\/#primaryimage\"},\"thumbnailUrl\":\"https:\/\/moraissoaresarquitectos.pt\/wp-content\/uploads\/2022\/07\/2022-07-27MSA.png\",\"datePublished\":\"2022-05-05T15:34:18+00:00\",\"dateModified\":\"2022-07-28T11:48:03+00:00\",\"breadcrumb\":{\"@id\":\"https:\/\/moraissoaresarquitectos.pt\/about\/#breadcrumb\"},\"inLanguage\":\"pt-PT\",\"potentialAction\":[{\"@type\":\"ReadAction\",\"target\":[\"https:\/\/moraissoaresarquitectos.pt\/about\/\"]}]},{\"@type\":\"ImageObject\",\"inLanguage\":\"pt-PT\",\"@id\":\"https:\/\/moraissoaresarquitectos.pt\/about\/#primaryimage\",\"url\":\"https:\/\/moraissoaresarquitectos.pt\/wp-content\/uploads\/2022\/07\/2022-07-27MSA.png\",\"contentUrl\":\"https:\/\/moraissoaresarquitectos.pt\/wp-content\/uploads\/2022\/07\/2022-07-27MSA.png\"},{\"@type\":\"BreadcrumbList\",\"@id\":\"https:\/\/moraissoaresarquitectos.pt\/about\/#breadcrumb\",\"itemListElement\":[{\"@type\":\"ListItem\",\"position\":1,\"name\":\"Home\",\"item\":\"https:\/\/moraissoaresarquitectos.pt\/pt-pt\/\"},{\"@type\":\"ListItem\",\"position\":2,\"name\":\"About\"}]},{\"@type\":\"WebSite\",\"@id\":\"https:\/\/moraissoaresarquitectos.pt\/#website\",\"url\":\"https:\/\/moraissoaresarquitectos.pt\/\",\"name\":\"Morais\",\"description\":\"Morais Soares Arquitectos\",\"publisher\":{\"@id\":\"https:\/\/moraissoaresarquitectos.pt\/#organization\"},\"potentialAction\":[{\"@type\":\"SearchAction\",\"target\":{\"@type\":\"EntryPoint\",\"urlTemplate\":\"https:\/\/moraissoaresarquitectos.pt\/?s={search_term_string}\"},\"query-input\":{\"@type\":\"PropertyValueSpecification\",\"valueRequired\":true,\"valueName\":\"search_term_string\"}}],\"inLanguage\":\"pt-PT\"},{\"@type\":\"Organization\",\"@id\":\"https:\/\/moraissoaresarquitectos.pt\/#organization\",\"name\":\"Morais Soares Arquitectos\",\"url\":\"https:\/\/moraissoaresarquitectos.pt\/\",\"logo\":{\"@type\":\"ImageObject\",\"inLanguage\":\"pt-PT\",\"@id\":\"https:\/\/moraissoaresarquitectos.pt\/#\/schema\/logo\/image\/\",\"url\":\"https:\/\/moraissoaresarquitectos.pt\/wp-content\/uploads\/2022\/06\/cropped-logo-selecionado-2022-05-02-copiar.png\",\"contentUrl\":\"https:\/\/moraissoaresarquitectos.pt\/wp-content\/uploads\/2022\/06\/cropped-logo-selecionado-2022-05-02-copiar.png\",\"width\":500,\"height\":328,\"caption\":\"Morais Soares Arquitectos\"},\"image\":{\"@id\":\"https:\/\/moraissoaresarquitectos.pt\/#\/schema\/logo\/image\/\"}}]}<\/script>\n<!-- \/ Yoast SEO plugin. -->","yoast_head_json":{"title":"About - Morais","robots":{"index":"index","follow":"follow","max-snippet":"max-snippet:-1","max-image-preview":"max-image-preview:large","max-video-preview":"max-video-preview:-1"},"canonical":"https:\/\/moraissoaresarquitectos.pt\/about\/","og_locale":"pt_PT","og_type":"article","og_title":"About - Morais","og_description":"A liga\u00e7\u00e3o da fam\u00edlia Morais Soares \u00e0 arquitectura, tem in\u00edcio com M\u00e1rio C\u00e2ndido de Morais Soares, formado em 1933 no curso de arquitectura da Escola Superior de Belas Artes do Porto. Conjuntamente com dois colegas de curso, fundam a ARS \u2013 Arquitectos, atelier precursor do Modernismo Portugu\u00eas, com obras como o mercado do Bom Sucesso, [&hellip;]Read More","og_url":"https:\/\/moraissoaresarquitectos.pt\/about\/","og_site_name":"Morais","article_modified_time":"2022-07-28T11:48:03+00:00","og_image":[{"url":"https:\/\/moraissoaresarquitectos.pt\/wp-content\/uploads\/2022\/07\/2022-07-27MSA.png","type":"","width":"","height":""}],"twitter_card":"summary_large_image","twitter_misc":{"Tempo estimado de leitura":"1 minuto"},"schema":{"@context":"https:\/\/schema.org","@graph":[{"@type":"WebPage","@id":"https:\/\/moraissoaresarquitectos.pt\/about\/","url":"https:\/\/moraissoaresarquitectos.pt\/about\/","name":"About - Morais","isPartOf":{"@id":"https:\/\/moraissoaresarquitectos.pt\/#website"},"primaryImageOfPage":{"@id":"https:\/\/moraissoaresarquitectos.pt\/about\/#primaryimage"},"image":{"@id":"https:\/\/moraissoaresarquitectos.pt\/about\/#primaryimage"},"thumbnailUrl":"https:\/\/moraissoaresarquitectos.pt\/wp-content\/uploads\/2022\/07\/2022-07-27MSA.png","datePublished":"2022-05-05T15:34:18+00:00","dateModified":"2022-07-28T11:48:03+00:00","breadcrumb":{"@id":"https:\/\/moraissoaresarquitectos.pt\/about\/#breadcrumb"},"inLanguage":"pt-PT","potentialAction":[{"@type":"ReadAction","target":["https:\/\/moraissoaresarquitectos.pt\/about\/"]}]},{"@type":"ImageObject","inLanguage":"pt-PT","@id":"https:\/\/moraissoaresarquitectos.pt\/about\/#primaryimage","url":"https:\/\/moraissoaresarquitectos.pt\/wp-content\/uploads\/2022\/07\/2022-07-27MSA.png","contentUrl":"https:\/\/moraissoaresarquitectos.pt\/wp-content\/uploads\/2022\/07\/2022-07-27MSA.png"},{"@type":"BreadcrumbList","@id":"https:\/\/moraissoaresarquitectos.pt\/about\/#breadcrumb","itemListElement":[{"@type":"ListItem","position":1,"name":"Home","item":"https:\/\/moraissoaresarquitectos.pt\/pt-pt\/"},{"@type":"ListItem","position":2,"name":"About"}]},{"@type":"WebSite","@id":"https:\/\/moraissoaresarquitectos.pt\/#website","url":"https:\/\/moraissoaresarquitectos.pt\/","name":"Morais","description":"Morais Soares Arquitectos","publisher":{"@id":"https:\/\/moraissoaresarquitectos.pt\/#organization"},"potentialAction":[{"@type":"SearchAction","target":{"@type":"EntryPoint","urlTemplate":"https:\/\/moraissoaresarquitectos.pt\/?s={search_term_string}"},"query-input":{"@type":"PropertyValueSpecification","valueRequired":true,"valueName":"search_term_string"}}],"inLanguage":"pt-PT"},{"@type":"Organization","@id":"https:\/\/moraissoaresarquitectos.pt\/#organization","name":"Morais Soares Arquitectos","url":"https:\/\/moraissoaresarquitectos.pt\/","logo":{"@type":"ImageObject","inLanguage":"pt-PT","@id":"https:\/\/moraissoaresarquitectos.pt\/#\/schema\/logo\/image\/","url":"https:\/\/moraissoaresarquitectos.pt\/wp-content\/uploads\/2022\/06\/cropped-logo-selecionado-2022-05-02-copiar.png","contentUrl":"https:\/\/moraissoaresarquitectos.pt\/wp-content\/uploads\/2022\/06\/cropped-logo-selecionado-2022-05-02-copiar.png","width":500,"height":328,"caption":"Morais Soares Arquitectos"},"image":{"@id":"https:\/\/moraissoaresarquitectos.pt\/#\/schema\/logo\/image\/"}}]}},"_links":{"self":[{"href":"https:\/\/moraissoaresarquitectos.pt\/pt-pt\/wp-json\/wp\/v2\/pages\/2","targetHints":{"allow":["GET"]}}],"collection":[{"href":"https:\/\/moraissoaresarquitectos.pt\/pt-pt\/wp-json\/wp\/v2\/pages"}],"about":[{"href":"https:\/\/moraissoaresarquitectos.pt\/pt-pt\/wp-json\/wp\/v2\/types\/page"}],"author":[{"embeddable":true,"href":"https:\/\/moraissoaresarquitectos.pt\/pt-pt\/wp-json\/wp\/v2\/users\/1"}],"replies":[{"embeddable":true,"href":"https:\/\/moraissoaresarquitectos.pt\/pt-pt\/wp-json\/wp\/v2\/comments?post=2"}],"version-history":[{"count":19,"href":"https:\/\/moraissoaresarquitectos.pt\/pt-pt\/wp-json\/wp\/v2\/pages\/2\/revisions"}],"predecessor-version":[{"id":4784,"href":"https:\/\/moraissoaresarquitectos.pt\/pt-pt\/wp-json\/wp\/v2\/pages\/2\/revisions\/4784"}],"wp:attachment":[{"href":"https:\/\/moraissoaresarquitectos.pt\/pt-pt\/wp-json\/wp\/v2\/media?parent=2"}],"curies":[{"name":"wp","href":"https:\/\/api.w.org\/{rel}","templated":true}]}}