{"id":1951,"date":"2022-05-19T16:59:28","date_gmt":"2022-05-19T16:59:28","guid":{"rendered":"https:\/\/moraissoaresarquitectos.pt\/?page_id=1951"},"modified":"2023-10-19T11:18:02","modified_gmt":"2023-10-19T11:18:02","slug":"contacts","status":"publish","type":"page","link":"https:\/\/moraissoaresarquitectos.pt\/pt-pt\/contacts\/","title":{"rendered":"Contacts"},"content":{"rendered":"<p><strong>ARQUITECTURA<\/strong><\/p>\n<p><a href=\"https:\/\/www.google.pt\/maps\/place\/Morais+Soares+Arquitectos+Lda\/@41.1517953,-8.6419195,17z\/data=!3m1!4b1!4m5!3m4!1s0xd246573613a2519:0x10079e6607fe341e!8m2!3d41.1517953!4d-8.6397308?hl=pt-PT\" target=\"_BLANK\" rel=\"noopener\">Morais Soares Arquitectos, Lda<br \/>\nRua Professor Jos\u00e9 Valente, 76<br \/>\n4150-792 Porto<br \/>\n<\/a><\/p>\n<p>Tel <a href=\"tel:22 600 73 09\">+351 22 600 73 09<\/a><br \/>\nEmail <a href=\"mailto:geral@msarquitectos.pt\">geral@msarquitectos.pt<\/a><\/p>\n<p>As candidaturas para se fazer parte da nossa equipa ter\u00e3o que ser enviadas por correio ou e-mail.<\/p>\n<p><strong>INTERIOR<\/strong><\/p>\n<p><a href=\"https:\/\/www.google.pt\/maps\/place\/Tendencias+-+Sociedade+De+Decora%C3%A7%C3%B5es,+Lda.\/@41.16248,-8.6665189,17.35z\/data=!4m5!3m4!1s0xd246f7c7c7aba3d:0xc1092c5698449974!8m2!3d41.1623466!4d-8.6651007?hl=pt-PT\" target=\"_BLANK\" rel=\"noopener\">Tend\u00eancias &#8211; Sociedade de Decora\u00e7\u00f5es, Lda.<br \/>\nRua Jos\u00e9 Gomes Ferreira, 52<br \/>\n4150-441 Porto<\/a><\/p>\n<p>Tel <a href=\"tel:22 610 57 56\">+ 351 22 610 57 56<\/a><br \/>\nEmail <a href=\"mailto:tendecor@gmail.com\">tendecor@gmail.com<\/a><\/p>\n","protected":false},"excerpt":{"rendered":"<p>ARQUITECTURA Morais Soares Arquitectos, Lda Rua Professor Jos\u00e9 Valente, 76 4150-792 Porto Tel +351 22 600 73 09 Email geral@msarquitectos.pt As candidaturas para se fazer parte da nossa equipa ter\u00e3o que ser enviadas por correio ou e-mail. INTERIOR Tend\u00eancias &#8211; Sociedade de Decora\u00e7\u00f5es, Lda. Rua Jos\u00e9 Gomes Ferreira, 52 4150-441 Porto Tel + 351 22 [&hellip;]<\/p>\n<p class=\"read-more\"><a class=\"button\" href=\"https:\/\/moraissoaresarquitectos.pt\/pt-pt\/contacts\/\">Read More<\/a><\/p>\n","protected":false},"author":1,"featured_media":0,"parent":0,"menu_order":0,"comment_status":"closed","ping_status":"closed","template":"","meta":{"footnotes":""},"class_list":["post-1951","page","type-page","status-publish","hentry"],"yoast_head":"<!-- This site is optimized with the Yoast SEO plugin v26.3 - https:\/\/yoast.com\/wordpress\/plugins\/seo\/ -->\n<title>Contacts - Morais<\/title>\n<meta name=\"robots\" content=\"index, follow, max-snippet:-1, max-image-preview:large, max-video-preview:-1\" \/>\n<link rel=\"canonical\" href=\"https:\/\/moraissoaresarquitectos.pt\/pt-pt\/contacts\/\" \/>\n<meta property=\"og:locale\" content=\"pt_PT\" \/>\n<meta property=\"og:type\" content=\"article\" \/>\n<meta property=\"og:title\" content=\"Contacts - Morais\" \/>\n<meta property=\"og:description\" content=\"ARQUITECTURA Morais Soares Arquitectos, Lda Rua Professor Jos\u00e9 Valente, 76 4150-792 Porto Tel +351 22 600 73 09 Email geral@msarquitectos.pt As candidaturas para se fazer parte da nossa equipa ter\u00e3o que ser enviadas por correio ou e-mail. INTERIOR Tend\u00eancias &#8211; Sociedade de Decora\u00e7\u00f5es, Lda. Rua Jos\u00e9 Gomes Ferreira, 52 4150-441 Porto Tel + 351 22 [&hellip;]Read More\" \/>\n<meta property=\"og:url\" content=\"https:\/\/moraissoaresarquitectos.pt\/pt-pt\/contacts\/\" \/>\n<meta property=\"og:site_name\" content=\"Morais\" \/>\n<meta property=\"article:modified_time\" content=\"2023-10-19T11:18:02+00:00\" \/>\n<meta name=\"twitter:card\" content=\"summary_large_image\" \/>\n<meta name=\"twitter:label1\" content=\"Tempo estimado de leitura\" \/>\n\t<meta name=\"twitter:data1\" content=\"1 minuto\" \/>\n<script type=\"application\/ld+json\" class=\"yoast-schema-graph\">{\"@context\":\"https:\/\/schema.org\",\"@graph\":[{\"@type\":\"WebPage\",\"@id\":\"https:\/\/moraissoaresarquitectos.pt\/pt-pt\/contacts\/\",\"url\":\"https:\/\/moraissoaresarquitectos.pt\/pt-pt\/contacts\/\",\"name\":\"Contacts - Morais\",\"isPartOf\":{\"@id\":\"https:\/\/moraissoaresarquitectos.pt\/#website\"},\"datePublished\":\"2022-05-19T16:59:28+00:00\",\"dateModified\":\"2023-10-19T11:18:02+00:00\",\"breadcrumb\":{\"@id\":\"https:\/\/moraissoaresarquitectos.pt\/pt-pt\/contacts\/#breadcrumb\"},\"inLanguage\":\"pt-PT\",\"potentialAction\":[{\"@type\":\"ReadAction\",\"target\":[\"https:\/\/moraissoaresarquitectos.pt\/pt-pt\/contacts\/\"]}]},{\"@type\":\"BreadcrumbList\",\"@id\":\"https:\/\/moraissoaresarquitectos.pt\/pt-pt\/contacts\/#breadcrumb\",\"itemListElement\":[{\"@type\":\"ListItem\",\"position\":1,\"name\":\"Home\",\"item\":\"https:\/\/moraissoaresarquitectos.pt\/pt-pt\/\"},{\"@type\":\"ListItem\",\"position\":2,\"name\":\"Contacts\"}]},{\"@type\":\"WebSite\",\"@id\":\"https:\/\/moraissoaresarquitectos.pt\/#website\",\"url\":\"https:\/\/moraissoaresarquitectos.pt\/\",\"name\":\"Morais\",\"description\":\"Morais Soares Arquitectos\",\"publisher\":{\"@id\":\"https:\/\/moraissoaresarquitectos.pt\/#organization\"},\"potentialAction\":[{\"@type\":\"SearchAction\",\"target\":{\"@type\":\"EntryPoint\",\"urlTemplate\":\"https:\/\/moraissoaresarquitectos.pt\/?s={search_term_string}\"},\"query-input\":{\"@type\":\"PropertyValueSpecification\",\"valueRequired\":true,\"valueName\":\"search_term_string\"}}],\"inLanguage\":\"pt-PT\"},{\"@type\":\"Organization\",\"@id\":\"https:\/\/moraissoaresarquitectos.pt\/#organization\",\"name\":\"Morais Soares Arquitectos\",\"url\":\"https:\/\/moraissoaresarquitectos.pt\/\",\"logo\":{\"@type\":\"ImageObject\",\"inLanguage\":\"pt-PT\",\"@id\":\"https:\/\/moraissoaresarquitectos.pt\/#\/schema\/logo\/image\/\",\"url\":\"https:\/\/moraissoaresarquitectos.pt\/wp-content\/uploads\/2022\/06\/cropped-logo-selecionado-2022-05-02-copiar.png\",\"contentUrl\":\"https:\/\/moraissoaresarquitectos.pt\/wp-content\/uploads\/2022\/06\/cropped-logo-selecionado-2022-05-02-copiar.png\",\"width\":500,\"height\":328,\"caption\":\"Morais Soares Arquitectos\"},\"image\":{\"@id\":\"https:\/\/moraissoaresarquitectos.pt\/#\/schema\/logo\/image\/\"}}]}<\/script>\n<!-- \/ Yoast SEO plugin. -->","yoast_head_json":{"title":"Contacts - Morais","robots":{"index":"index","follow":"follow","max-snippet":"max-snippet:-1","max-image-preview":"max-image-preview:large","max-video-preview":"max-video-preview:-1"},"canonical":"https:\/\/moraissoaresarquitectos.pt\/pt-pt\/contacts\/","og_locale":"pt_PT","og_type":"article","og_title":"Contacts - Morais","og_description":"ARQUITECTURA Morais Soares Arquitectos, Lda Rua Professor Jos\u00e9 Valente, 76 4150-792 Porto Tel +351 22 600 73 09 Email geral@msarquitectos.pt As candidaturas para se fazer parte da nossa equipa ter\u00e3o que ser enviadas por correio ou e-mail. INTERIOR Tend\u00eancias &#8211; Sociedade de Decora\u00e7\u00f5es, Lda. Rua Jos\u00e9 Gomes Ferreira, 52 4150-441 Porto Tel + 351 22 [&hellip;]Read More","og_url":"https:\/\/moraissoaresarquitectos.pt\/pt-pt\/contacts\/","og_site_name":"Morais","article_modified_time":"2023-10-19T11:18:02+00:00","twitter_card":"summary_large_image","twitter_misc":{"Tempo estimado de leitura":"1 minuto"},"schema":{"@context":"https:\/\/schema.org","@graph":[{"@type":"WebPage","@id":"https:\/\/moraissoaresarquitectos.pt\/pt-pt\/contacts\/","url":"https:\/\/moraissoaresarquitectos.pt\/pt-pt\/contacts\/","name":"Contacts - Morais","isPartOf":{"@id":"https:\/\/moraissoaresarquitectos.pt\/#website"},"datePublished":"2022-05-19T16:59:28+00:00","dateModified":"2023-10-19T11:18:02+00:00","breadcrumb":{"@id":"https:\/\/moraissoaresarquitectos.pt\/pt-pt\/contacts\/#breadcrumb"},"inLanguage":"pt-PT","potentialAction":[{"@type":"ReadAction","target":["https:\/\/moraissoaresarquitectos.pt\/pt-pt\/contacts\/"]}]},{"@type":"BreadcrumbList","@id":"https:\/\/moraissoaresarquitectos.pt\/pt-pt\/contacts\/#breadcrumb","itemListElement":[{"@type":"ListItem","position":1,"name":"Home","item":"https:\/\/moraissoaresarquitectos.pt\/pt-pt\/"},{"@type":"ListItem","position":2,"name":"Contacts"}]},{"@type":"WebSite","@id":"https:\/\/moraissoaresarquitectos.pt\/#website","url":"https:\/\/moraissoaresarquitectos.pt\/","name":"Morais","description":"Morais Soares Arquitectos","publisher":{"@id":"https:\/\/moraissoaresarquitectos.pt\/#organization"},"potentialAction":[{"@type":"SearchAction","target":{"@type":"EntryPoint","urlTemplate":"https:\/\/moraissoaresarquitectos.pt\/?s={search_term_string}"},"query-input":{"@type":"PropertyValueSpecification","valueRequired":true,"valueName":"search_term_string"}}],"inLanguage":"pt-PT"},{"@type":"Organization","@id":"https:\/\/moraissoaresarquitectos.pt\/#organization","name":"Morais Soares Arquitectos","url":"https:\/\/moraissoaresarquitectos.pt\/","logo":{"@type":"ImageObject","inLanguage":"pt-PT","@id":"https:\/\/moraissoaresarquitectos.pt\/#\/schema\/logo\/image\/","url":"https:\/\/moraissoaresarquitectos.pt\/wp-content\/uploads\/2022\/06\/cropped-logo-selecionado-2022-05-02-copiar.png","contentUrl":"https:\/\/moraissoaresarquitectos.pt\/wp-content\/uploads\/2022\/06\/cropped-logo-selecionado-2022-05-02-copiar.png","width":500,"height":328,"caption":"Morais Soares Arquitectos"},"image":{"@id":"https:\/\/moraissoaresarquitectos.pt\/#\/schema\/logo\/image\/"}}]}},"_links":{"self":[{"href":"https:\/\/moraissoaresarquitectos.pt\/pt-pt\/wp-json\/wp\/v2\/pages\/1951","targetHints":{"allow":["GET"]}}],"collection":[{"href":"https:\/\/moraissoaresarquitectos.pt\/pt-pt\/wp-json\/wp\/v2\/pages"}],"about":[{"href":"https:\/\/moraissoaresarquitectos.pt\/pt-pt\/wp-json\/wp\/v2\/types\/page"}],"author":[{"embeddable":true,"href":"https:\/\/moraissoaresarquitectos.pt\/pt-pt\/wp-json\/wp\/v2\/users\/1"}],"replies":[{"embeddable":true,"href":"https:\/\/moraissoaresarquitectos.pt\/pt-pt\/wp-json\/wp\/v2\/comments?post=1951"}],"version-history":[{"count":24,"href":"https:\/\/moraissoaresarquitectos.pt\/pt-pt\/wp-json\/wp\/v2\/pages\/1951\/revisions"}],"predecessor-version":[{"id":5365,"href":"https:\/\/moraissoaresarquitectos.pt\/pt-pt\/wp-json\/wp\/v2\/pages\/1951\/revisions\/5365"}],"wp:attachment":[{"href":"https:\/\/moraissoaresarquitectos.pt\/pt-pt\/wp-json\/wp\/v2\/media?parent=1951"}],"curies":[{"name":"wp","href":"https:\/\/api.w.org\/{rel}","templated":true}]}}